{"id":331,"date":"2022-07-06T10:42:47","date_gmt":"2022-07-06T10:42:47","guid":{"rendered":"https:\/\/escolademusicasantjoan.com\/?page_id=331"},"modified":"2025-05-20T05:23:59","modified_gmt":"2025-05-20T05:23:59","slug":"vuestra-escuela","status":"publish","type":"page","link":"https:\/\/escolademusicasantjoan.com\/ca\/vuestra-escuela\/","title":{"rendered":"La teva Escola"},"content":{"rendered":"<div  class='flex_column av-95mrn-a5a194d677c2d8a50b0f525b076d98bc av_one_full  avia-builder-el-0  avia-builder-el-no-sibling  first flex_column_div'     ><p>\n<style type=\"text\/css\" data-created_by=\"avia_inline_auto\" id=\"style-css-av-m1ffoka7-08f7634d119afd69c2a97e01c69e5a78\">\n.avia-image-container.av-m1ffoka7-08f7634d119afd69c2a97e01c69e5a78 img.avia_image{\nbox-shadow:none;\n}\n.avia-image-container.av-m1ffoka7-08f7634d119afd69c2a97e01c69e5a78 .av-image-caption-overlay-center{\ncolor:#ffffff;\n}\n<\/style>\n<div  class='avia-image-container av-m1ffoka7-08f7634d119afd69c2a97e01c69e5a78 av-styling- avia-align-center  avia-builder-el-1  el_before_av_textblock  avia-builder-el-first'   itemprop=\"image\" itemscope=\"itemscope\" itemtype=\"https:\/\/schema.org\/ImageObject\" ><div class=\"avia-image-container-inner\"><div class=\"avia-image-overlay-wrap\"><img decoding=\"async\" fetchpriority=\"high\" class='wp-image-1530 avia-img-lazy-loading-not-1530 avia_image' src=\"https:\/\/escolademusicasantjoan.com\/wp-content\/uploads\/2024\/09\/IMG_4972-scaled.jpeg\" alt='' title='IMG_4972'  height=\"1920\" width=\"2560\"  itemprop=\"thumbnailUrl\" srcset=\"https:\/\/escolademusicasantjoan.com\/wp-content\/uploads\/2024\/09\/IMG_4972-scaled.jpeg 2560w, https:\/\/escolademusicasantjoan.com\/wp-content\/uploads\/2024\/09\/IMG_4972-300x225.jpeg 300w, https:\/\/escolademusicasantjoan.com\/wp-content\/uploads\/2024\/09\/IMG_4972-1030x773.jpeg 1030w, https:\/\/escolademusicasantjoan.com\/wp-content\/uploads\/2024\/09\/IMG_4972-768x576.jpeg 768w, https:\/\/escolademusicasantjoan.com\/wp-content\/uploads\/2024\/09\/IMG_4972-1536x1152.jpeg 1536w, https:\/\/escolademusicasantjoan.com\/wp-content\/uploads\/2024\/09\/IMG_4972-2048x1536.jpeg 2048w, https:\/\/escolademusicasantjoan.com\/wp-content\/uploads\/2024\/09\/IMG_4972-16x12.jpeg 16w, https:\/\/escolademusicasantjoan.com\/wp-content\/uploads\/2024\/09\/IMG_4972-1500x1125.jpeg 1500w, https:\/\/escolademusicasantjoan.com\/wp-content\/uploads\/2024\/09\/IMG_4972-705x529.jpeg 705w\" sizes=\"(max-width: 2560px) 100vw, 2560px\" \/><\/div><\/div><\/div><br \/>\n\n<style type=\"text\/css\" data-created_by=\"avia_inline_auto\" id=\"style-css-av-m1dj5dsv-b698a12e7a02abc03cf74dc86db2dc58\">\n#top .av_textblock_section.av-m1dj5dsv-b698a12e7a02abc03cf74dc86db2dc58 .avia_textblock{\nfont-size:19px;\n}\n<\/style>\n<section  class='av_textblock_section av-m1dj5dsv-b698a12e7a02abc03cf74dc86db2dc58'   itemscope=\"itemscope\" itemtype=\"https:\/\/schema.org\/CreativeWork\" ><div class='avia_textblock'  itemprop=\"text\" ><p>L' <strong>Escola Municipal de M\u00fasica de Sant Joan de Labritja<\/strong> neix de la necessitat de dotar al municipi i les seves vendes d'una formaci\u00f3 musical de qualitat, pr\u00f2xima i diversificada per a totes les edats.<\/p>\n<p>L' <strong>Ajuntament de Sant Joan de Labritja<\/strong> compta amb un claustre de professors i professores amb ampla experi\u00e8ncia tant docent com art\u00edstica, sota la direcci\u00f3 de Juan F. Ballesteros.<\/p>\n<p>Durant aquest primer curs d'exist\u00e8ncia, l'Escola Municipal de M\u00fasica de Sant Joan de Labritja ofereix,<\/p>\n<p><strong>Especialitats Instrumentals<\/strong><\/p>\n<ul>\n<li>piano, Rafael Gonz\u00e1lez i Ruth Mar\u00ed<\/li>\n<li>guitarra, Gabriel de Miranda<\/li>\n<li>sax\u00f2fon i clarinet, Joan Prieto<\/li>\n<li>canto, Irantzu Bartolom\u00e9<\/li>\n<\/ul>\n<p><strong>Assignatures Te\u00f2riques<\/strong><\/p>\n<ul>\n<li>taller infantil, Ruth Mar\u00ed<\/li>\n<li>teor\u00eda musical y coro, Juan F. Ballesteros y Joan Prieto<\/li>\n<\/ul>\n<p>Noves disciplines instrumentals i assignatures complement\u00e0ries seran posades en marxa en els pr\u00f2xims cursos.<\/p>\n<p>Escola Municipal de M\u00fasica de Sant Joan de Labritja. LA TEVA ESCOLA.<\/p>\n<p>Benvinguda. Benvingut.<\/p>\n<\/div><\/section><br \/>\n<div  class='avia-button-wrap av-l59smp7g-ffd21f62697a949a738fdef6c6964d36-wrap avia-button-center  avia-builder-el-3  el_after_av_textblock  avia-builder-el-last'><a href='https:\/\/escolademusicasantjoan.com\/ca\/'  class='avia-button av-l59smp7g-ffd21f62697a949a738fdef6c6964d36 av-link-btn avia-icon_select-no avia-size-small avia-position-center avia-color-theme-color'   aria-label=\"tornar\"><span class='avia_iconbox_title' >tornar<\/span><\/a><\/div><\/p><\/div>","protected":false},"excerpt":{"rendered":"","protected":false},"author":2,"featured_media":1530,"parent":0,"menu_order":0,"comment_status":"closed","ping_status":"closed","template":"","meta":{"footnotes":""},"class_list":["post-331","page","type-page","status-publish","has-post-thumbnail","hentry"],"yoast_head":"<!-- This site is optimized with the Yoast SEO plugin v25.2 - https:\/\/yoast.com\/wordpress\/plugins\/seo\/ -->\n<title>Tu Escuela &#062; Escola De M\u00fasica Sant Joan<\/title>\n<meta name=\"robots\" content=\"index, follow, max-snippet:-1, max-image-preview:large, max-video-preview:-1\" \/>\n<link rel=\"canonical\" href=\"https:\/\/escolademusicasantjoan.com\/ca\/vuestra-escuela\/\" \/>\n<meta property=\"og:locale\" content=\"ca_ES\" \/>\n<meta property=\"og:type\" content=\"article\" \/>\n<meta property=\"og:title\" content=\"Tu Escuela &#062; Escola De M\u00fasica Sant Joan\" \/>\n<meta property=\"og:url\" content=\"https:\/\/escolademusicasantjoan.com\/ca\/vuestra-escuela\/\" \/>\n<meta property=\"og:site_name\" content=\"Escola De M\u00fasica Sant Joan\" \/>\n<meta property=\"article:modified_time\" content=\"2025-05-20T05:23:59+00:00\" \/>\n<meta property=\"og:image\" content=\"https:\/\/escolademusicasantjoan.com\/wp-content\/uploads\/2024\/09\/Invertido.png\" \/>\n\t<meta property=\"og:image:width\" content=\"480\" \/>\n\t<meta property=\"og:image:height\" content=\"480\" \/>\n\t<meta property=\"og:image:type\" content=\"image\/png\" \/>\n<meta name=\"twitter:card\" content=\"summary_large_image\" \/>\n<meta name=\"twitter:label1\" content=\"Temps estimat de lectura\" \/>\n\t<meta name=\"twitter:data1\" content=\"5 minuts\" \/>\n<script type=\"application\/ld+json\" class=\"yoast-schema-graph\">{\"@context\":\"https:\/\/schema.org\",\"@graph\":[{\"@type\":\"WebPage\",\"@id\":\"https:\/\/escolademusicasantjoan.com\/vuestra-escuela\/\",\"url\":\"https:\/\/escolademusicasantjoan.com\/vuestra-escuela\/\",\"name\":\"Tu Escuela &#062; Escola De M\u00fasica Sant Joan\",\"isPartOf\":{\"@id\":\"https:\/\/escolademusicasantjoan.com\/#website\"},\"primaryImageOfPage\":{\"@id\":\"https:\/\/escolademusicasantjoan.com\/vuestra-escuela\/#primaryimage\"},\"image\":{\"@id\":\"https:\/\/escolademusicasantjoan.com\/vuestra-escuela\/#primaryimage\"},\"thumbnailUrl\":\"https:\/\/escolademusicasantjoan.com\/wp-content\/uploads\/2024\/09\/IMG_4972-scaled.jpeg\",\"datePublished\":\"2022-07-06T10:42:47+00:00\",\"dateModified\":\"2025-05-20T05:23:59+00:00\",\"breadcrumb\":{\"@id\":\"https:\/\/escolademusicasantjoan.com\/vuestra-escuela\/#breadcrumb\"},\"inLanguage\":\"ca\",\"potentialAction\":[{\"@type\":\"ReadAction\",\"target\":[\"https:\/\/escolademusicasantjoan.com\/vuestra-escuela\/\"]}]},{\"@type\":\"ImageObject\",\"inLanguage\":\"ca\",\"@id\":\"https:\/\/escolademusicasantjoan.com\/vuestra-escuela\/#primaryimage\",\"url\":\"https:\/\/escolademusicasantjoan.com\/wp-content\/uploads\/2024\/09\/IMG_4972-scaled.jpeg\",\"contentUrl\":\"https:\/\/escolademusicasantjoan.com\/wp-content\/uploads\/2024\/09\/IMG_4972-scaled.jpeg\",\"width\":2560,\"height\":1920},{\"@type\":\"BreadcrumbList\",\"@id\":\"https:\/\/escolademusicasantjoan.com\/vuestra-escuela\/#breadcrumb\",\"itemListElement\":[{\"@type\":\"ListItem\",\"position\":1,\"name\":\"Portada\",\"item\":\"https:\/\/escolademusicasantjoan.com\/inicio\/\"},{\"@type\":\"ListItem\",\"position\":2,\"name\":\"Tu Escuela\"}]},{\"@type\":\"WebSite\",\"@id\":\"https:\/\/escolademusicasantjoan.com\/#website\",\"url\":\"https:\/\/escolademusicasantjoan.com\/\",\"name\":\"Escola De M\u00fasica Sant Joan\",\"description\":\"escuela de m\u00fasica\",\"publisher\":{\"@id\":\"https:\/\/escolademusicasantjoan.com\/#\/schema\/person\/376c9c4bab832235e877438a59f9a3da\"},\"potentialAction\":[{\"@type\":\"SearchAction\",\"target\":{\"@type\":\"EntryPoint\",\"urlTemplate\":\"https:\/\/escolademusicasantjoan.com\/?s={search_term_string}\"},\"query-input\":{\"@type\":\"PropertyValueSpecification\",\"valueRequired\":true,\"valueName\":\"search_term_string\"}}],\"inLanguage\":\"ca\"},{\"@type\":[\"Person\",\"Organization\"],\"@id\":\"https:\/\/escolademusicasantjoan.com\/#\/schema\/person\/376c9c4bab832235e877438a59f9a3da\",\"name\":\"Escola M\u00fasica San Joan\",\"image\":{\"@type\":\"ImageObject\",\"inLanguage\":\"ca\",\"@id\":\"https:\/\/escolademusicasantjoan.com\/#\/schema\/person\/image\/\",\"url\":\"https:\/\/escolademusicasantjoan.com\/wp-content\/uploads\/2024\/09\/Invertido.png\",\"contentUrl\":\"https:\/\/escolademusicasantjoan.com\/wp-content\/uploads\/2024\/09\/Invertido.png\",\"width\":480,\"height\":480,\"caption\":\"Escola M\u00fasica San Joan\"},\"logo\":{\"@id\":\"https:\/\/escolademusicasantjoan.com\/#\/schema\/person\/image\/\"}}]}<\/script>\n<!-- \/ Yoast SEO plugin. -->","yoast_head_json":{"title":"Tu Escuela &#062; Escola De M\u00fasica Sant Joan","robots":{"index":"index","follow":"follow","max-snippet":"max-snippet:-1","max-image-preview":"max-image-preview:large","max-video-preview":"max-video-preview:-1"},"canonical":"https:\/\/escolademusicasantjoan.com\/ca\/vuestra-escuela\/","og_locale":"ca_ES","og_type":"article","og_title":"Tu Escuela &#062; Escola De M\u00fasica Sant Joan","og_url":"https:\/\/escolademusicasantjoan.com\/ca\/vuestra-escuela\/","og_site_name":"Escola De M\u00fasica Sant Joan","article_modified_time":"2025-05-20T05:23:59+00:00","og_image":[{"width":480,"height":480,"url":"https:\/\/escolademusicasantjoan.com\/wp-content\/uploads\/2024\/09\/Invertido.png","type":"image\/png"}],"twitter_card":"summary_large_image","twitter_misc":{"Temps estimat de lectura":"5 minuts"},"schema":{"@context":"https:\/\/schema.org","@graph":[{"@type":"WebPage","@id":"https:\/\/escolademusicasantjoan.com\/vuestra-escuela\/","url":"https:\/\/escolademusicasantjoan.com\/vuestra-escuela\/","name":"Tu Escuela &#062; Escola De M\u00fasica Sant Joan","isPartOf":{"@id":"https:\/\/escolademusicasantjoan.com\/#website"},"primaryImageOfPage":{"@id":"https:\/\/escolademusicasantjoan.com\/vuestra-escuela\/#primaryimage"},"image":{"@id":"https:\/\/escolademusicasantjoan.com\/vuestra-escuela\/#primaryimage"},"thumbnailUrl":"https:\/\/escolademusicasantjoan.com\/wp-content\/uploads\/2024\/09\/IMG_4972-scaled.jpeg","datePublished":"2022-07-06T10:42:47+00:00","dateModified":"2025-05-20T05:23:59+00:00","breadcrumb":{"@id":"https:\/\/escolademusicasantjoan.com\/vuestra-escuela\/#breadcrumb"},"inLanguage":"ca","potentialAction":[{"@type":"ReadAction","target":["https:\/\/escolademusicasantjoan.com\/vuestra-escuela\/"]}]},{"@type":"ImageObject","inLanguage":"ca","@id":"https:\/\/escolademusicasantjoan.com\/vuestra-escuela\/#primaryimage","url":"https:\/\/escolademusicasantjoan.com\/wp-content\/uploads\/2024\/09\/IMG_4972-scaled.jpeg","contentUrl":"https:\/\/escolademusicasantjoan.com\/wp-content\/uploads\/2024\/09\/IMG_4972-scaled.jpeg","width":2560,"height":1920},{"@type":"BreadcrumbList","@id":"https:\/\/escolademusicasantjoan.com\/vuestra-escuela\/#breadcrumb","itemListElement":[{"@type":"ListItem","position":1,"name":"Portada","item":"https:\/\/escolademusicasantjoan.com\/inicio\/"},{"@type":"ListItem","position":2,"name":"Tu Escuela"}]},{"@type":"WebSite","@id":"https:\/\/escolademusicasantjoan.com\/#website","url":"https:\/\/escolademusicasantjoan.com\/","name":"Escola De M\u00fasica Sant Joan","description":"escuela de m\u00fasica","publisher":{"@id":"https:\/\/escolademusicasantjoan.com\/#\/schema\/person\/376c9c4bab832235e877438a59f9a3da"},"potentialAction":[{"@type":"SearchAction","target":{"@type":"EntryPoint","urlTemplate":"https:\/\/escolademusicasantjoan.com\/?s={search_term_string}"},"query-input":{"@type":"PropertyValueSpecification","valueRequired":true,"valueName":"search_term_string"}}],"inLanguage":"ca"},{"@type":["Person","Organization"],"@id":"https:\/\/escolademusicasantjoan.com\/#\/schema\/person\/376c9c4bab832235e877438a59f9a3da","name":"Escola M\u00fasica San Joan","image":{"@type":"ImageObject","inLanguage":"ca","@id":"https:\/\/escolademusicasantjoan.com\/#\/schema\/person\/image\/","url":"https:\/\/escolademusicasantjoan.com\/wp-content\/uploads\/2024\/09\/Invertido.png","contentUrl":"https:\/\/escolademusicasantjoan.com\/wp-content\/uploads\/2024\/09\/Invertido.png","width":480,"height":480,"caption":"Escola M\u00fasica San Joan"},"logo":{"@id":"https:\/\/escolademusicasantjoan.com\/#\/schema\/person\/image\/"}}]}},"_links":{"self":[{"href":"https:\/\/escolademusicasantjoan.com\/ca\/wp-json\/wp\/v2\/pages\/331","targetHints":{"allow":["GET"]}}],"collection":[{"href":"https:\/\/escolademusicasantjoan.com\/ca\/wp-json\/wp\/v2\/pages"}],"about":[{"href":"https:\/\/escolademusicasantjoan.com\/ca\/wp-json\/wp\/v2\/types\/page"}],"author":[{"embeddable":true,"href":"https:\/\/escolademusicasantjoan.com\/ca\/wp-json\/wp\/v2\/users\/2"}],"replies":[{"embeddable":true,"href":"https:\/\/escolademusicasantjoan.com\/ca\/wp-json\/wp\/v2\/comments?post=331"}],"version-history":[{"count":28,"href":"https:\/\/escolademusicasantjoan.com\/ca\/wp-json\/wp\/v2\/pages\/331\/revisions"}],"predecessor-version":[{"id":1949,"href":"https:\/\/escolademusicasantjoan.com\/ca\/wp-json\/wp\/v2\/pages\/331\/revisions\/1949"}],"wp:featuredmedia":[{"embeddable":true,"href":"https:\/\/escolademusicasantjoan.com\/ca\/wp-json\/wp\/v2\/media\/1530"}],"wp:attachment":[{"href":"https:\/\/escolademusicasantjoan.com\/ca\/wp-json\/wp\/v2\/media?parent=331"}],"curies":[{"name":"wp","href":"https:\/\/api.w.org\/{rel}","templated":true}]}}