{"id":2492,"date":"2025-12-17T15:30:28","date_gmt":"2025-12-17T15:30:28","guid":{"rendered":"https:\/\/escolademusicasantjoan.com\/?page_id=2492"},"modified":"2026-03-29T15:17:09","modified_gmt":"2026-03-29T15:17:09","slug":"taller-de-cor","status":"publish","type":"page","link":"https:\/\/escolademusicasantjoan.com\/ca\/taller-de-cor\/","title":{"rendered":"Taller de Cor III"},"content":{"rendered":"<div  class='flex_column av-c3kcnw-c0ba2554031cac52bfdea362fac60151 av_one_full  avia-builder-el-0  el_before_av_slideshow_full  avia-builder-el-no-sibling  first flex_column_div'     ><\/div>\n<\/div><\/div><\/div><!-- close content main div --><\/div><\/div><div id='full_slider_1'  class='avia-fullwidth-slider main_color avia-shadow   avia-builder-el-1  el_after_av_one_full  el_before_av_one_full   slider-not-first container_wrap fullsize'  ><div  class='avia-slideshow av-mja64i3v-9dd7c5675935930a4bd215e28de7c55b avia-slideshow-featured av_slideshow_full avia-slide-slider av-slideshow-ui av-control-default av-slideshow-manual av-loop-once av-loop-manual-endless av-default-height-applied   avia-slideshow-1' data-slideshow-options=\"{&quot;animation&quot;:&quot;slide&quot;,&quot;autoplay&quot;:false,&quot;loop_autoplay&quot;:&quot;once&quot;,&quot;interval&quot;:5,&quot;loop_manual&quot;:&quot;manual-endless&quot;,&quot;autoplay_stopper&quot;:false,&quot;noNavigation&quot;:false,&quot;bg_slider&quot;:false,&quot;keep_padding&quot;:false,&quot;hoverpause&quot;:false,&quot;show_slide_delay&quot;:0}\"  itemprop=\"image\" itemscope=\"itemscope\" itemtype=\"https:\/\/schema.org\/ImageObject\" ><ul class='avia-slideshow-inner' style='padding-bottom: 127.21893491124%;'><li  class='avia-slideshow-slide av-mja64i3v-9dd7c5675935930a4bd215e28de7c55b__0  av-single-slide slide-1 slide-odd'><div data-rel='slideshow-1' class='avia-slide-wrap'   ><img decoding=\"async\" fetchpriority=\"high\" class=\"wp-image-2668 avia-img-lazy-loading-not-2668\"  src=\"https:\/\/escolademusicasantjoan.com\/wp-content\/uploads\/2026\/03\/Captura-de-pantalla-2026-03-29-a-las-5.11.34\u202fp.\u202fm.png\" width=\"338\" height=\"430\" title='Captura de pantalla 2026-03-29 a las 5.11.34\u202fp.\u202fm.' alt=''  itemprop=\"thumbnailUrl\" srcset=\"https:\/\/escolademusicasantjoan.com\/wp-content\/uploads\/2026\/03\/Captura-de-pantalla-2026-03-29-a-las-5.11.34\u202fp.\u202fm.png 1207w, https:\/\/escolademusicasantjoan.com\/wp-content\/uploads\/2026\/03\/Captura-de-pantalla-2026-03-29-a-las-5.11.34\u202fp.\u202fm-236x300.png 236w\" sizes=\"(max-width: 338px) 100vw, 338px\" \/><\/div><\/li><\/ul><\/div><\/div><div id='after_full_slider_1'  class='main_color av_default_container_wrap container_wrap fullsize'  ><div class='container av-section-cont-open' ><div class='template-page content  av-content-full alpha units'><div class='post-entry post-entry-type-page post-entry-2492'><div class='entry-content-wrapper clearfix'>\n<div  class='flex_column av-8msjf0-a73c85bfeb358d82dcd987168e9636d6 av_one_full  avia-builder-el-2  el_after_av_slideshow_full  el_before_av_heading  avia-builder-el-first  first flex_column_div'     ><\/div>\n\n<style type=\"text\/css\" data-created_by=\"avia_inline_auto\" id=\"style-css-av-mja5vcgf-549d3850afb26462971448ac1d2beb71\">\n#top .av-special-heading.av-mja5vcgf-549d3850afb26462971448ac1d2beb71{\npadding-bottom:10px;\n}\nbody .av-special-heading.av-mja5vcgf-549d3850afb26462971448ac1d2beb71 .av-special-heading-tag .heading-char{\nfont-size:25px;\n}\n.av-special-heading.av-mja5vcgf-549d3850afb26462971448ac1d2beb71 .av-subheading{\nfont-size:15px;\n}\n<\/style>\n<div  class='av-special-heading av-mja5vcgf-549d3850afb26462971448ac1d2beb71 av-special-heading-h1 blockquote modern-quote modern-centered  avia-builder-el-3  el_after_av_one_full  el_before_av_one_full'><h1 class='av-special-heading-tag'  itemprop=\"headline\"  >III Taller de Cor<\/h1><div class='av-subheading av-subheading_below'><p>viernes 22 de mayo a las 19h<\/p>\n<\/div><div class=\"special-heading-border\"><div class=\"special-heading-inner-border\"><\/div><\/div><\/div>\n<div  class='flex_column av-89lsd8-1a4b396ca510efa06c40bad7c9547a8f av_one_full  avia-builder-el-4  el_after_av_heading  el_before_av_one_full  first flex_column_div'     ><\/div>\n<div  class='flex_column av-2vzmfw-9c6f8ab06faac763c63689039f9b5786 av_one_full  avia-builder-el-5  el_after_av_one_full  el_before_av_textblock  first flex_column_div  column-top-margin'     ><\/div>\n\n<style type=\"text\/css\" data-created_by=\"avia_inline_auto\" id=\"style-css-av-mja5y45l-c5163effbda9d0d0a1e0ab968a07e9eb\">\n#top .av_textblock_section.av-mja5y45l-c5163effbda9d0d0a1e0ab968a07e9eb .avia_textblock{\nfont-size:21px;\n}\n<\/style>\n<section  class='av_textblock_section av-mja5y45l-c5163effbda9d0d0a1e0ab968a07e9eb'   itemscope=\"itemscope\" itemtype=\"https:\/\/schema.org\/CreativeWork\" ><div class='avia_textblock'  itemprop=\"text\" ><p style=\"text-align: center;\" data-start=\"0\" data-end=\"211\">El pr\u00f3ximo <strong data-start=\"11\" data-end=\"37\">22 de mayo \u00a019 h<\/strong>, la <strong data-start=\"42\" data-end=\"88\">Escola de M\u00fasica de Sant Joan de Labritja<\/strong> acoger\u00e1 un nuevo <strong data-start=\"100\" data-end=\"118\">Taller de Coro<\/strong> abierto a todas las personas <strong data-start=\"148\" data-end=\"171\">a partir de 16 a\u00f1os<\/strong>, sin necesidad de experiencia previa.<\/p>\n<p style=\"text-align: center;\" data-start=\"213\" data-end=\"565\">Cantar en grupo es una experiencia profundamente enriquecedora: mejora la respiraci\u00f3n y la postura, fortalece la concentraci\u00f3n y la memoria, y favorece el bienestar emocional al reducir el estr\u00e9s y generar una sensaci\u00f3n de conexi\u00f3n y disfrute compartido. La voz se convierte en una herramienta de expresi\u00f3n personal y colectiva, accesible para todos.<\/p>\n<p style=\"text-align: center;\" data-start=\"567\" data-end=\"1006\" data-is-last-node=\"\" data-is-only-node=\"\">Durante el taller exploraremos el canto coral a trav\u00e9s de <strong data-start=\"625\" data-end=\"657\">diferentes estilos musicales<\/strong>, viajando desde la serenidad del <strong data-start=\"691\" data-end=\"711\">canto gregoriano<\/strong> hasta la energ\u00eda y la expresividad del <strong data-start=\"751\" data-end=\"761\">gospel<\/strong>, pasando por otras m\u00fasicas que nos permitir\u00e1n descubrir nuevas sonoridades y formas de cantar juntos. Ser\u00e1 un espacio participativo, din\u00e1mico y acogedor, pensado para disfrutar de la m\u00fasica, aprender y vivir el placer de crear armon\u00eda en grupo.<\/p>\n<p style=\"text-align: center;\"><strong>Trabajaremos los siguientes aspectos vocales y corales:<\/strong><\/p>\n<p style=\"text-align: center;\">respiraci\u00f3n y control del sonido<\/p>\n<p style=\"text-align: center;\">contornos de la afinaci\u00f3n<\/p>\n<p style=\"text-align: center;\">color y <em>blending<\/em><\/p>\n<p style=\"text-align: center;\">dicci\u00f3n y corporalidad del sonido<\/p>\n<p style=\"text-align: center;\">escucha activa<\/p>\n<p style=\"text-align: center;\">el valor del silencio<\/p>\n<p style=\"text-align: center;\">repertorio<\/p>\n<p style=\"text-align: center;\"><strong>Conocimientos previos requeridos:<\/strong><\/p>\n<p style=\"text-align: center;\">solo pasi\u00f3n por el canto compartido<\/p>\n<\/div><\/section>\n<div  class='flex_column av-5rabwc-36e38f24c42b45963679c4f88bd9a6ad av_one_full  avia-builder-el-7  el_after_av_textblock  el_before_av_one_half  first flex_column_div  column-top-margin'     ><\/div>\n<div  class='flex_column av-4eq030-e995f452a2bd5716271831e4f14c7b58 av_one_half  avia-builder-el-8  el_after_av_one_full  el_before_av_one_half  first flex_column_div  column-top-margin'     ><section  class='avia-team-member av-mjbmfhwh-b9069fc0bc490fdbc206303055c2e88d  avia-builder-el-9  avia-builder-el-no-sibling'  itemscope=\"itemscope\" itemtype=\"https:\/\/schema.org\/Person\" ><div class=\"team-img-container\"><img decoding=\"async\" fetchpriority=\"high\" class='wp-image-2391 avia-img-lazy-loading-not-2391 avia_image avia_image_team' src=\"https:\/\/escolademusicasantjoan.com\/wp-content\/uploads\/2025\/07\/1-1-300x300.png\" alt='Juan F. Ballesteros'  itemprop=\"image\"   height=\"300\" width=\"300\" srcset=\"https:\/\/escolademusicasantjoan.com\/wp-content\/uploads\/2025\/07\/1-1-300x300.png 300w, https:\/\/escolademusicasantjoan.com\/wp-content\/uploads\/2025\/07\/1-1-80x80.png 80w, https:\/\/escolademusicasantjoan.com\/wp-content\/uploads\/2025\/07\/1-1-12x12.png 12w, https:\/\/escolademusicasantjoan.com\/wp-content\/uploads\/2025\/07\/1-1-36x36.png 36w, https:\/\/escolademusicasantjoan.com\/wp-content\/uploads\/2025\/07\/1-1-180x180.png 180w, https:\/\/escolademusicasantjoan.com\/wp-content\/uploads\/2025\/07\/1-1.png 500w\" sizes=\"(max-width: 300px) 100vw, 300px\" \/><\/div><h3 class='team-member-name'  itemprop=\"name\" >Juan F. Ballesteros<\/h3><div class='team-member-job-title'  itemprop=\"jobTitle\" >Profesor del taller<\/div><span class='hidden team-member-affiliation'  itemprop=\"affiliation\" >Escola de M\u00fasica Sant Joan<\/span><\/section><\/div>\n<div  class='flex_column av-25yzb0-7b6cf06048931c26fb9b7ba36971ef34 av_one_half  avia-builder-el-10  el_after_av_one_half  el_before_av_one_full  flex_column_div  column-top-margin'     ><style type=\"text\/css\" data-created_by=\"avia_inline_auto\" id=\"style-css-av-mjbmlioc-c1f6c9c697529efdade2aac8d6d37970\">\n#top .av_textblock_section.av-mjbmlioc-c1f6c9c697529efdade2aac8d6d37970 .avia_textblock{\nfont-size:21px;\n}\n<\/style>\n<section  class='av_textblock_section av-mjbmlioc-c1f6c9c697529efdade2aac8d6d37970'   itemscope=\"itemscope\" itemtype=\"https:\/\/schema.org\/CreativeWork\" ><div class='avia_textblock'  itemprop=\"text\" ><p>Director de coro y orquesta, pianista, compositor y productor musical. Formado en Valencia, su ciudad natal, Estocolmo (Suecia) y Varese (Italia). Ha sido director asistente de Gary Graden en el S:t Jacobs Kammarkor de Estocolmo y se ha puesto al frente de entidades como Joven Orquesta Nacional de Espa\u00f1a (JONDE) o las Bandas Municipales de Barcelona, Oviedo e Ibiza. Dirige el Cor del Conservatori de Felanitx y el Cor Ciutat de Mallorca. Gerente de la Jove Orquestra de les Illes Balears, de la Banda de Dones de Catalunya y \u00a0director de la compa\u00f1\u00eda Zarzuela21 as\u00ed como de la red internacional de coros Gospel Experience Project. Dirige las escuelas de m\u00fasica de Sant Joan de Labritja, Lloret de Vistalegre adem\u00e1s de las escuelas de direcci\u00f3n en Badalon y Navarra. Autor de diferentes libros de marketing aplicado a la m\u00fasica, optimizaci\u00f3n del tiempo, finanzas y poes\u00eda. Colabora habitualmente con diferentes medios de comunicaci\u00f3n. Reside en Ibiza con su familia.<\/p>\n<\/div><\/section><\/div>\n<div  class='flex_column av-3sb8vg-a3118e32bcb3dfddf858893471586e6b av_one_full  avia-builder-el-12  el_after_av_one_half  el_before_av_one_full  first flex_column_div  column-top-margin'     ><\/div>\n<div  class='flex_column av-4nr5bw-99863d3e28fb83ec1a6434b0240e9ffb av_one_full  avia-builder-el-13  el_after_av_one_full  el_before_av_heading  first flex_column_div  column-top-margin'     ><\/div>\n\n<style type=\"text\/css\" data-created_by=\"avia_inline_auto\" id=\"style-css-av-mja5ys7d-ed6167414f2681926475e41056ed9718\">\n#top .av-special-heading.av-mja5ys7d-ed6167414f2681926475e41056ed9718{\npadding-bottom:10px;\n}\nbody .av-special-heading.av-mja5ys7d-ed6167414f2681926475e41056ed9718 .av-special-heading-tag .heading-char{\nfont-size:25px;\n}\n.av-special-heading.av-mja5ys7d-ed6167414f2681926475e41056ed9718 .av-subheading{\nfont-size:15px;\n}\n<\/style>\n<div  class='av-special-heading av-mja5ys7d-ed6167414f2681926475e41056ed9718 av-special-heading-h2 blockquote modern-quote modern-centered  avia-builder-el-14  el_after_av_one_full  el_before_av_one_full'><h2 class='av-special-heading-tag'  itemprop=\"headline\"  >Inscripci\u00f3<\/h2><div class='av-subheading av-subheading_below'><p>taller gratuito<\/p>\n<\/div><div class=\"special-heading-border\"><div class=\"special-heading-inner-border\"><\/div><\/div><\/div>\n<div  class='flex_column av-22r0x8-b1fb06309894a3e5c98e1fd56d5cdff5 av_one_full  avia-builder-el-15  el_after_av_heading  el_before_av_contact  first flex_column_div'     ><\/div>\n<form action=\"https:\/\/escolademusicasantjoan.com\/ca\/taller-de-cor\/\" method=\"post\" data-fields-with-error=\"Found errors in the following field(s):\" class=\"avia_ajax_form av-form-labels-visible   avia-builder-el-16  el_after_av_one_full  el_before_av_one_full  av-custom-form-color av-dark-form\" data-avia-form-id=\"1\" data-avia-redirect=''  aria-label='Formulari de contacte' data-trp-original-action=\"https:\/\/escolademusicasantjoan.com\/ca\/taller-de-cor\/\" ><fieldset><p class='first_form  form_element form_fullwidth' id='element_avia_1_1'><label for=\"avia_1_1\">nom complet <abbr class=\"required\" title=\"obligatori\">*<\/abbr><\/label> <input name=\"avia_1_1\" class=\"text_input is_empty\" type=\"text\" id=\"avia_1_1\" value=\"\" \/><\/p><p class='first_form  form_element form_fullwidth' id='element_avia_2_1'><label for=\"avia_2_1\">correu electr\u00f2nic  <abbr class=\"required\" title=\"obligatori\">*<\/abbr><\/label> <input name=\"avia_2_1\" class=\"text_input is_email\" type=\"text\" id=\"avia_2_1\" value=\"\" \/><\/p><p class='first_form  form_element form_element_half' id='element_avia_3_1'><label for=\"avia_3_1\">tel\u00e9f\u00f3no <abbr class=\"required\" title=\"obligatori\">*<\/abbr><\/label> <input name=\"avia_3_1\" class=\"text_input is_empty\" type=\"text\" id=\"avia_3_1\" value=\"\" \/><\/p><p class='form_element form_element_half' id='element_avia_4_1'><label for=\"avia_4_1\">edat <abbr class=\"required\" title=\"obligatori\">*<\/abbr><\/label> <input name=\"avia_4_1\" class=\"text_input is_empty\" type=\"text\" id=\"avia_4_1\" value=\"\" \/><\/p><p class='first_form  form_element form_fullwidth' id='element_avia_5_1'><label for=\"avia_5_1\">soy alumno o alumna de la Escola de M\u00fasica de Sant Joan <abbr class=\"required\" title=\"obligatori\">*<\/abbr><\/label><select  name=\"avia_5_1\" class=\"select is_empty\" id=\"avia_5_1\"><option   value='s\u00ed'>s\u00ed<\/option><option   value='no'>no<\/option><\/select><\/p><p class='first_form  form_element form_fullwidth' id='element_avia_6_1'><label for=\"avia_6_1\">voz <abbr class=\"required\" title=\"obligatori\">*<\/abbr><\/label><select  name=\"avia_6_1\" class=\"select is_empty\" id=\"avia_6_1\"><option   value='soprano'>soprano<\/option><option   value='mezzo'>mezzo<\/option><option   value='alto'>alto<\/option><option   value='contratenor'>contratenor<\/option><option   value='tenor'>tenor<\/option><option   value='bar\u00edtono'>bar\u00edtono<\/option><option   value='bajo'>bajo<\/option><option   value='no lo s\u00e9'>no lo s\u00e9<\/option><\/select><\/p><p class='first_form  form_element form_fullwidth' id='element_avia_7_1'><label for=\"avia_7_1\" class=\"textare_label hidden textare_label_avia_7_1\">si vols, explica'ns alguna cosa m\u00e9s <abbr class=\"required\" title=\"obligatori\">*<\/abbr><\/label><textarea  name=\"avia_7_1\" class=\"text_area is_empty\" cols=\"40\" rows=\"7\" id=\"avia_7_1\" ><\/textarea><\/p><p class=\"hidden\"><input type=\"text\" name=\"avia_8_1\" class=\"hidden\" id=\"avia_8_1\" value=\"\" \/><\/p><p class='form_element form_fullwidth' id='element_avia_9_1'><span class='value_verifier_label'>1 + 0 = ?<\/span><input name=\"avia_9_1_verifier\" type=\"hidden\" id=\"avia_9_1_verifier\" value=\"838874186\"\/><label for=\"avia_9_1\">Please prove that you are human by solving the equation <abbr class=\"required\" title=\"obligatori\">*<\/abbr><\/label><input name=\"avia_9_1\" class=\"text_input captcha\" type=\"text\" id=\"avia_9_1\" value=\"\"\/><\/p><p class=\"form_element\"><input type=\"hidden\" value=\"1\" name=\"avia_generated_form1\" \/><input type=\"submit\" value=\"Enviar\" class=\"button\"  data-sending-label=\"Enviant\"\/><\/p><\/fieldset><input type=\"hidden\" name=\"trp-form-language\" value=\"ca\"\/><\/form><div id=\"ajaxresponse_1\" class=\"ajaxresponse ajaxresponse_1 hidden\"><\/div>\n<div  class='flex_column av-2biydo-d516836127c108b77495631e186ac4bc av_one_full  avia-builder-el-17  el_after_av_contact  el_before_av_heading  first flex_column_div'     ><\/div>\n\n<style type=\"text\/css\" data-created_by=\"avia_inline_auto\" id=\"style-css-av-mjbm8rdu-7228a5a0a781a57b2177f17dfdb5d1ce\">\n#top .av-special-heading.av-mjbm8rdu-7228a5a0a781a57b2177f17dfdb5d1ce{\npadding-bottom:10px;\n}\nbody .av-special-heading.av-mjbm8rdu-7228a5a0a781a57b2177f17dfdb5d1ce .av-special-heading-tag .heading-char{\nfont-size:25px;\n}\n.av-special-heading.av-mjbm8rdu-7228a5a0a781a57b2177f17dfdb5d1ce .av-subheading{\nfont-size:15px;\n}\n<\/style>\n<div  class='av-special-heading av-mjbm8rdu-7228a5a0a781a57b2177f17dfdb5d1ce av-special-heading-h3 blockquote modern-quote modern-centered  avia-builder-el-18  el_after_av_one_full  el_before_av_one_full'><h3 class='av-special-heading-tag'  itemprop=\"headline\"  >\u00a1Muchas gracias!<\/h3><div class=\"special-heading-border\"><div class=\"special-heading-inner-border\"><\/div><\/div><\/div>\n<div  class='flex_column av-2cbgm4-f02b5cfdae89d4e8323aeddebc84fa38 av_one_full  avia-builder-el-19  el_after_av_heading  avia-builder-el-last  first flex_column_div'     ><\/div>","protected":false},"excerpt":{"rendered":"","protected":false},"author":2,"featured_media":2671,"parent":0,"menu_order":0,"comment_status":"closed","ping_status":"closed","template":"","meta":{"footnotes":""},"class_list":["post-2492","page","type-page","status-publish","has-post-thumbnail","hentry"],"yoast_head":"<!-- This site is optimized with the Yoast SEO plugin v25.2 - https:\/\/yoast.com\/wordpress\/plugins\/seo\/ -->\n<title>Taller de Cor III &#062; Escola De M\u00fasica Sant Joan<\/title>\n<meta name=\"robots\" content=\"index, follow, max-snippet:-1, max-image-preview:large, max-video-preview:-1\" \/>\n<link rel=\"canonical\" href=\"https:\/\/escolademusicasantjoan.com\/ca\/taller-de-cor\/\" \/>\n<meta property=\"og:locale\" content=\"ca_ES\" \/>\n<meta property=\"og:type\" content=\"article\" \/>\n<meta property=\"og:title\" content=\"Taller de Cor III &#062; Escola De M\u00fasica Sant Joan\" \/>\n<meta property=\"og:url\" content=\"https:\/\/escolademusicasantjoan.com\/ca\/taller-de-cor\/\" \/>\n<meta property=\"og:site_name\" content=\"Escola De M\u00fasica Sant Joan\" \/>\n<meta property=\"article:modified_time\" content=\"2026-03-29T15:17:09+00:00\" \/>\n<meta property=\"og:image\" content=\"https:\/\/escolademusicasantjoan.com\/wp-content\/uploads\/2026\/03\/Captura-de-pantalla-2026-03-29-a-las-5.11.34\u202fp.\u202fm.png\" \/>\n\t<meta property=\"og:image:width\" content=\"1207\" \/>\n\t<meta property=\"og:image:height\" content=\"1537\" \/>\n\t<meta property=\"og:image:type\" content=\"image\/png\" \/>\n<meta name=\"twitter:card\" content=\"summary_large_image\" \/>\n<meta name=\"twitter:label1\" content=\"Temps estimat de lectura\" \/>\n\t<meta name=\"twitter:data1\" content=\"3 minuts\" \/>\n<script type=\"application\/ld+json\" class=\"yoast-schema-graph\">{\"@context\":\"https:\/\/schema.org\",\"@graph\":[{\"@type\":\"WebPage\",\"@id\":\"https:\/\/escolademusicasantjoan.com\/taller-de-cor\/\",\"url\":\"https:\/\/escolademusicasantjoan.com\/taller-de-cor\/\",\"name\":\"Taller de Cor III &#062; Escola De M\u00fasica Sant Joan\",\"isPartOf\":{\"@id\":\"https:\/\/escolademusicasantjoan.com\/#website\"},\"primaryImageOfPage\":{\"@id\":\"https:\/\/escolademusicasantjoan.com\/taller-de-cor\/#primaryimage\"},\"image\":{\"@id\":\"https:\/\/escolademusicasantjoan.com\/taller-de-cor\/#primaryimage\"},\"thumbnailUrl\":\"https:\/\/escolademusicasantjoan.com\/wp-content\/uploads\/2026\/03\/IMG_9096-scaled.jpg\",\"datePublished\":\"2025-12-17T15:30:28+00:00\",\"dateModified\":\"2026-03-29T15:17:09+00:00\",\"breadcrumb\":{\"@id\":\"https:\/\/escolademusicasantjoan.com\/taller-de-cor\/#breadcrumb\"},\"inLanguage\":\"ca\",\"potentialAction\":[{\"@type\":\"ReadAction\",\"target\":[\"https:\/\/escolademusicasantjoan.com\/taller-de-cor\/\"]}]},{\"@type\":\"ImageObject\",\"inLanguage\":\"ca\",\"@id\":\"https:\/\/escolademusicasantjoan.com\/taller-de-cor\/#primaryimage\",\"url\":\"https:\/\/escolademusicasantjoan.com\/wp-content\/uploads\/2026\/03\/IMG_9096-scaled.jpg\",\"contentUrl\":\"https:\/\/escolademusicasantjoan.com\/wp-content\/uploads\/2026\/03\/IMG_9096-scaled.jpg\",\"width\":1920,\"height\":2560},{\"@type\":\"BreadcrumbList\",\"@id\":\"https:\/\/escolademusicasantjoan.com\/taller-de-cor\/#breadcrumb\",\"itemListElement\":[{\"@type\":\"ListItem\",\"position\":1,\"name\":\"Portada\",\"item\":\"https:\/\/escolademusicasantjoan.com\/inicio\/\"},{\"@type\":\"ListItem\",\"position\":2,\"name\":\"Taller de Cor III\"}]},{\"@type\":\"WebSite\",\"@id\":\"https:\/\/escolademusicasantjoan.com\/#website\",\"url\":\"https:\/\/escolademusicasantjoan.com\/\",\"name\":\"Escola De M\u00fasica Sant Joan\",\"description\":\"escuela de m\u00fasica\",\"publisher\":{\"@id\":\"https:\/\/escolademusicasantjoan.com\/#\/schema\/person\/376c9c4bab832235e877438a59f9a3da\"},\"potentialAction\":[{\"@type\":\"SearchAction\",\"target\":{\"@type\":\"EntryPoint\",\"urlTemplate\":\"https:\/\/escolademusicasantjoan.com\/?s={search_term_string}\"},\"query-input\":{\"@type\":\"PropertyValueSpecification\",\"valueRequired\":true,\"valueName\":\"search_term_string\"}}],\"inLanguage\":\"ca\"},{\"@type\":[\"Person\",\"Organization\"],\"@id\":\"https:\/\/escolademusicasantjoan.com\/#\/schema\/person\/376c9c4bab832235e877438a59f9a3da\",\"name\":\"Escola M\u00fasica San Joan\",\"image\":{\"@type\":\"ImageObject\",\"inLanguage\":\"ca\",\"@id\":\"https:\/\/escolademusicasantjoan.com\/#\/schema\/person\/image\/\",\"url\":\"https:\/\/escolademusicasantjoan.com\/wp-content\/uploads\/2024\/09\/Invertido.png\",\"contentUrl\":\"https:\/\/escolademusicasantjoan.com\/wp-content\/uploads\/2024\/09\/Invertido.png\",\"width\":480,\"height\":480,\"caption\":\"Escola M\u00fasica San Joan\"},\"logo\":{\"@id\":\"https:\/\/escolademusicasantjoan.com\/#\/schema\/person\/image\/\"}}]}<\/script>\n<!-- \/ Yoast SEO plugin. -->","yoast_head_json":{"title":"Taller de Cor III &#062; Escola De M\u00fasica Sant Joan","robots":{"index":"index","follow":"follow","max-snippet":"max-snippet:-1","max-image-preview":"max-image-preview:large","max-video-preview":"max-video-preview:-1"},"canonical":"https:\/\/escolademusicasantjoan.com\/ca\/taller-de-cor\/","og_locale":"ca_ES","og_type":"article","og_title":"Taller de Cor III &#062; Escola De M\u00fasica Sant Joan","og_url":"https:\/\/escolademusicasantjoan.com\/ca\/taller-de-cor\/","og_site_name":"Escola De M\u00fasica Sant Joan","article_modified_time":"2026-03-29T15:17:09+00:00","og_image":[{"width":1207,"height":1537,"url":"https:\/\/escolademusicasantjoan.com\/wp-content\/uploads\/2026\/03\/Captura-de-pantalla-2026-03-29-a-las-5.11.34\u202fp.\u202fm.png","type":"image\/png"}],"twitter_card":"summary_large_image","twitter_misc":{"Temps estimat de lectura":"3 minuts"},"schema":{"@context":"https:\/\/schema.org","@graph":[{"@type":"WebPage","@id":"https:\/\/escolademusicasantjoan.com\/taller-de-cor\/","url":"https:\/\/escolademusicasantjoan.com\/taller-de-cor\/","name":"Taller de Cor III &#062; Escola De M\u00fasica Sant Joan","isPartOf":{"@id":"https:\/\/escolademusicasantjoan.com\/#website"},"primaryImageOfPage":{"@id":"https:\/\/escolademusicasantjoan.com\/taller-de-cor\/#primaryimage"},"image":{"@id":"https:\/\/escolademusicasantjoan.com\/taller-de-cor\/#primaryimage"},"thumbnailUrl":"https:\/\/escolademusicasantjoan.com\/wp-content\/uploads\/2026\/03\/IMG_9096-scaled.jpg","datePublished":"2025-12-17T15:30:28+00:00","dateModified":"2026-03-29T15:17:09+00:00","breadcrumb":{"@id":"https:\/\/escolademusicasantjoan.com\/taller-de-cor\/#breadcrumb"},"inLanguage":"ca","potentialAction":[{"@type":"ReadAction","target":["https:\/\/escolademusicasantjoan.com\/taller-de-cor\/"]}]},{"@type":"ImageObject","inLanguage":"ca","@id":"https:\/\/escolademusicasantjoan.com\/taller-de-cor\/#primaryimage","url":"https:\/\/escolademusicasantjoan.com\/wp-content\/uploads\/2026\/03\/IMG_9096-scaled.jpg","contentUrl":"https:\/\/escolademusicasantjoan.com\/wp-content\/uploads\/2026\/03\/IMG_9096-scaled.jpg","width":1920,"height":2560},{"@type":"BreadcrumbList","@id":"https:\/\/escolademusicasantjoan.com\/taller-de-cor\/#breadcrumb","itemListElement":[{"@type":"ListItem","position":1,"name":"Portada","item":"https:\/\/escolademusicasantjoan.com\/inicio\/"},{"@type":"ListItem","position":2,"name":"Taller de Cor III"}]},{"@type":"WebSite","@id":"https:\/\/escolademusicasantjoan.com\/#website","url":"https:\/\/escolademusicasantjoan.com\/","name":"Escola De M\u00fasica Sant Joan","description":"escuela de m\u00fasica","publisher":{"@id":"https:\/\/escolademusicasantjoan.com\/#\/schema\/person\/376c9c4bab832235e877438a59f9a3da"},"potentialAction":[{"@type":"SearchAction","target":{"@type":"EntryPoint","urlTemplate":"https:\/\/escolademusicasantjoan.com\/?s={search_term_string}"},"query-input":{"@type":"PropertyValueSpecification","valueRequired":true,"valueName":"search_term_string"}}],"inLanguage":"ca"},{"@type":["Person","Organization"],"@id":"https:\/\/escolademusicasantjoan.com\/#\/schema\/person\/376c9c4bab832235e877438a59f9a3da","name":"Escola M\u00fasica San Joan","image":{"@type":"ImageObject","inLanguage":"ca","@id":"https:\/\/escolademusicasantjoan.com\/#\/schema\/person\/image\/","url":"https:\/\/escolademusicasantjoan.com\/wp-content\/uploads\/2024\/09\/Invertido.png","contentUrl":"https:\/\/escolademusicasantjoan.com\/wp-content\/uploads\/2024\/09\/Invertido.png","width":480,"height":480,"caption":"Escola M\u00fasica San Joan"},"logo":{"@id":"https:\/\/escolademusicasantjoan.com\/#\/schema\/person\/image\/"}}]}},"_links":{"self":[{"href":"https:\/\/escolademusicasantjoan.com\/ca\/wp-json\/wp\/v2\/pages\/2492","targetHints":{"allow":["GET"]}}],"collection":[{"href":"https:\/\/escolademusicasantjoan.com\/ca\/wp-json\/wp\/v2\/pages"}],"about":[{"href":"https:\/\/escolademusicasantjoan.com\/ca\/wp-json\/wp\/v2\/types\/page"}],"author":[{"embeddable":true,"href":"https:\/\/escolademusicasantjoan.com\/ca\/wp-json\/wp\/v2\/users\/2"}],"replies":[{"embeddable":true,"href":"https:\/\/escolademusicasantjoan.com\/ca\/wp-json\/wp\/v2\/comments?post=2492"}],"version-history":[{"count":21,"href":"https:\/\/escolademusicasantjoan.com\/ca\/wp-json\/wp\/v2\/pages\/2492\/revisions"}],"predecessor-version":[{"id":2675,"href":"https:\/\/escolademusicasantjoan.com\/ca\/wp-json\/wp\/v2\/pages\/2492\/revisions\/2675"}],"wp:featuredmedia":[{"embeddable":true,"href":"https:\/\/escolademusicasantjoan.com\/ca\/wp-json\/wp\/v2\/media\/2671"}],"wp:attachment":[{"href":"https:\/\/escolademusicasantjoan.com\/ca\/wp-json\/wp\/v2\/media?parent=2492"}],"curies":[{"name":"wp","href":"https:\/\/api.w.org\/{rel}","templated":true}]}}