{"id":2350,"date":"2025-07-04T13:08:16","date_gmt":"2025-07-04T13:08:16","guid":{"rendered":"https:\/\/escolademusicasantjoan.com\/?page_id=2350"},"modified":"2025-07-15T09:15:36","modified_gmt":"2025-07-15T09:15:36","slug":"musica-destiu-a-sant-joan","status":"publish","type":"page","link":"https:\/\/escolademusicasantjoan.com\/ca\/musica-destiu-a-sant-joan\/","title":{"rendered":"M\u00fasica d&#8217;Estiu a Sant Joan"},"content":{"rendered":"<div  class='flex_column av-6iv4j2-9b883611e459df4a0622cc74ab183d53 av_one_full  avia-builder-el-0  el_before_av_one_full  avia-builder-el-first  first flex_column_div'     ><\/div>\n<div  class='flex_column av-2vfh0u-5120b928736e42ab5f5b89c77e1e8874 av_one_full  avia-builder-el-1  el_after_av_one_full  el_before_av_one_full  first flex_column_div  column-top-margin'     ><\/div>\n<div  class='flex_column av-42hbry-c74f58ca4d138a6ba7a626d2ad2263dd av_one_full  avia-builder-el-2  el_after_av_one_full  el_before_av_one_full  first flex_column_div  column-top-margin'     ><section  class='avia-team-member av-md0btnb0-3b2cc6b9e932584f20556a4d8e46ea7f  avia-builder-el-3  avia-builder-el-no-sibling'  itemscope=\"itemscope\" itemtype=\"https:\/\/schema.org\/Person\" ><div class=\"team-img-container\"><img decoding=\"async\" fetchpriority=\"high\" class='wp-image-2383 avia-img-lazy-loading-not-2383 avia_image avia_image_team' src=\"https:\/\/escolademusicasantjoan.com\/wp-content\/uploads\/2025\/07\/Musica-dEstiu-a-Sant-Joan-300x169.png\" alt=''  itemprop=\"image\"   height=\"169\" width=\"300\" srcset=\"https:\/\/escolademusicasantjoan.com\/wp-content\/uploads\/2025\/07\/Musica-dEstiu-a-Sant-Joan-300x169.png 300w, https:\/\/escolademusicasantjoan.com\/wp-content\/uploads\/2025\/07\/Musica-dEstiu-a-Sant-Joan-1030x579.png 1030w, https:\/\/escolademusicasantjoan.com\/wp-content\/uploads\/2025\/07\/Musica-dEstiu-a-Sant-Joan-768x432.png 768w, https:\/\/escolademusicasantjoan.com\/wp-content\/uploads\/2025\/07\/Musica-dEstiu-a-Sant-Joan-1536x864.png 1536w, https:\/\/escolademusicasantjoan.com\/wp-content\/uploads\/2025\/07\/Musica-dEstiu-a-Sant-Joan-18x10.png 18w, https:\/\/escolademusicasantjoan.com\/wp-content\/uploads\/2025\/07\/Musica-dEstiu-a-Sant-Joan-1500x844.png 1500w, https:\/\/escolademusicasantjoan.com\/wp-content\/uploads\/2025\/07\/Musica-dEstiu-a-Sant-Joan-705x397.png 705w, https:\/\/escolademusicasantjoan.com\/wp-content\/uploads\/2025\/07\/Musica-dEstiu-a-Sant-Joan.png 1920w\" sizes=\"(max-width: 300px) 100vw, 300px\" \/><\/div><span class='hidden team-member-affiliation'  itemprop=\"affiliation\" >Escola de M\u00fasica Sant Joan<\/span><\/section><\/div>\n<div  class='flex_column av-39x5vy-093a0ea355275adf3b6604ccbf42e2dc av_one_full  avia-builder-el-4  el_after_av_one_full  el_before_av_one_full  first flex_column_div  column-top-margin'     ><\/div>\n<div  class='flex_column av-cthry6-085b61b0bcef171497c00cb8b25ea5f6 av_one_full  avia-builder-el-5  el_after_av_one_full  el_before_av_textblock  first flex_column_div  column-top-margin'     ><\/div>\n\n<style type=\"text\/css\" data-created_by=\"avia_inline_auto\" id=\"style-css-av-mcoufbgi-dfa90c19f2667219ef270ffd5fe07ec0\">\n#top .av_textblock_section.av-mcoufbgi-dfa90c19f2667219ef270ffd5fe07ec0 .avia_textblock{\nfont-size:21px;\n}\n<\/style>\n<section  class='av_textblock_section av-mcoufbgi-dfa90c19f2667219ef270ffd5fe07ec0'   itemscope=\"itemscope\" itemtype=\"https:\/\/schema.org\/CreativeWork\" ><div class='avia_textblock'  itemprop=\"text\" ><p style=\"text-align: center;\">L'Escola de M\u00fasica de Sant Joan posa en marxa el seu primer <strong>M\u00fasica d'Estiu<\/strong> amb l'objectiu de gaudir de la m\u00fasica abans de comen\u00e7ar un nou any acad\u00e8mic. <strong>De l'1 al 10 de setembre i de 9 a *14h<\/strong> (excepte dissabte i diumenge) realitzarem diferents activitats l\u00fadiques en grup on la m\u00fasica ser\u00e0 la protagonista. El <strong>Ajuntament de Sant Joan de Labritja<\/strong> ofereix un nou servei educatiu posant l'\u00e8mfasi en la cultura i, molt especialment, en la m\u00fasica. El curs est\u00e0 orientat per a nens i nenes de <strong>entre 5 i 12 anys<\/strong>.<\/p>\n<p style=\"text-align: center;\"><strong>T'apuntes?<\/strong><\/p>\n<\/div><\/section>\n<div  class='flex_column av-19ha3e6-eb9e9a6f6348df5f291e9d20be251554 av_one_full  avia-builder-el-7  el_after_av_textblock  el_before_av_heading  first flex_column_div  column-top-margin'     ><\/div>\n\n<style type=\"text\/css\" data-created_by=\"avia_inline_auto\" id=\"style-css-av-9pjfcu-096157d165c080421157ea2ab900bc3f\">\n#top .av-special-heading.av-9pjfcu-096157d165c080421157ea2ab900bc3f{\npadding-bottom:10px;\ncolor:#b02b2c;\n}\nbody .av-special-heading.av-9pjfcu-096157d165c080421157ea2ab900bc3f .av-special-heading-tag .heading-char{\nfont-size:25px;\n}\n.av-special-heading.av-9pjfcu-096157d165c080421157ea2ab900bc3f .special-heading-inner-border{\nborder-color:#b02b2c;\n}\n.av-special-heading.av-9pjfcu-096157d165c080421157ea2ab900bc3f .av-subheading{\nfont-size:15px;\n}\n<\/style>\n<div  class='av-special-heading av-9pjfcu-096157d165c080421157ea2ab900bc3f av-special-heading-h1 custom-color-heading blockquote modern-quote modern-centered  avia-builder-el-8  el_after_av_one_full  el_before_av_one_full'><h1 class='av-special-heading-tag'  itemprop=\"headline\"  >Activitats Principals<\/h1><div class=\"special-heading-border\"><div class=\"special-heading-inner-border\"><\/div><\/div><\/div>\n<div  class='flex_column av-185o9v2-88f08b25066ac49e73cb18ffdc99c17a av_one_full  avia-builder-el-9  el_after_av_heading  el_before_av_one_full  first flex_column_div'     ><\/div>\n<div  class='flex_column av-7w8tfy-8d50804bf6cea2975fe8f742d85ee48d av_one_full  avia-builder-el-10  el_after_av_one_full  el_before_av_textblock  first flex_column_div  column-top-margin'     ><\/div>\n\n<style type=\"text\/css\" data-created_by=\"avia_inline_auto\" id=\"style-css-av-15xzm9a-6d7e4a4b8f99c247072c85c4ed74708e\">\n#top .av_textblock_section.av-15xzm9a-6d7e4a4b8f99c247072c85c4ed74708e .avia_textblock{\nfont-size:19px;\n}\n<\/style>\n<section  class='av_textblock_section av-15xzm9a-6d7e4a4b8f99c247072c85c4ed74708e'   itemscope=\"itemscope\" itemtype=\"https:\/\/schema.org\/CreativeWork\" ><div class='avia_textblock'  itemprop=\"text\" ><p style=\"text-align: center;\">Estarem acompanyats per 2 monitors especialistes en temps lliure i 2 professors de m\u00fasica amb els qui hem dissenyat un programa d'activitats diverses. El nostre equip proporcionar\u00e0 experi\u00e8ncies divertides on destaquen activitats com:<\/p>\n<p style=\"text-align: center;\"><em><strong>PERCUSSI\u00d3 CORPORAL<\/strong><\/em><br \/>\n<em><strong>PERCUSSI\u00d3 DE RECICLATGE<\/strong><\/em><br \/>\n<em><strong> BATUCADA<\/strong><\/em><br \/>\n<em><strong> COR<\/strong><\/em><\/p>\n<\/div><\/section>\n<div  class='flex_column av-5p4iv2-22ed50194a6ae8df9149e697e814dd60 av_one_full  avia-builder-el-12  el_after_av_textblock  el_before_av_slideshow_full  avia-builder-el-last  first flex_column_div  column-top-margin'     ><\/div>\n<\/div><\/div><\/div><!-- close content main div --><\/div><\/div><div id='full_slider_1'  class='avia-fullwidth-slider main_color avia-shadow   avia-builder-el-13  el_after_av_one_full  el_before_av_one_full   slider-not-first container_wrap fullsize'  ><div  class='avia-slideshow av-mcrvti1r-bac8514ac5d0c92581fbaa9ecfc5e0ca avia-slideshow-featured av_slideshow_full avia-slide-slider av-slideshow-ui av-control-default av-slideshow-manual av-loop-once av-loop-manual-endless av-default-height-applied   avia-slideshow-1' data-slideshow-options=\"{&quot;animation&quot;:&quot;slide&quot;,&quot;autoplay&quot;:false,&quot;loop_autoplay&quot;:&quot;once&quot;,&quot;interval&quot;:5,&quot;loop_manual&quot;:&quot;manual-endless&quot;,&quot;autoplay_stopper&quot;:false,&quot;noNavigation&quot;:false,&quot;bg_slider&quot;:false,&quot;keep_padding&quot;:false,&quot;hoverpause&quot;:false,&quot;show_slide_delay&quot;:0}\"  itemprop=\"image\" itemscope=\"itemscope\" itemtype=\"https:\/\/schema.org\/ImageObject\" ><ul class='avia-slideshow-inner' style='padding-bottom: 28.666666666667%;'><li  class='avia-slideshow-slide av-mcrvti1r-bac8514ac5d0c92581fbaa9ecfc5e0ca__0  av-single-slide slide-1 slide-odd'><div data-rel='slideshow-1' class='avia-slide-wrap'   ><img decoding=\"async\" fetchpriority=\"high\" class=\"wp-image-2377 avia-img-lazy-loading-not-2377\"  src=\"https:\/\/escolademusicasantjoan.com\/wp-content\/uploads\/2025\/07\/pexels-cottonbro-9643922-1500x430.jpg\" width=\"1500\" height=\"430\" title='pexels-cottonbro-9643922' alt=''  itemprop=\"thumbnailUrl\"   \/><\/div><\/li><\/ul><\/div><\/div><div id='after_full_slider_1'  class='main_color av_default_container_wrap container_wrap fullsize'  ><div class='container av-section-cont-open' ><div class='template-page content  av-content-full alpha units'><div class='post-entry post-entry-type-page post-entry-2350'><div class='entry-content-wrapper clearfix'>\n<div  class='flex_column av-8t9ke-8d1f7317aa61963d81b4e148ec4b92a9 av_one_full  avia-builder-el-14  el_after_av_slideshow_full  el_before_av_heading  avia-builder-el-first  first flex_column_div'     ><\/div>\n\n<style type=\"text\/css\" data-created_by=\"avia_inline_auto\" id=\"style-css-av-mcz260yj-43d0620ef4eb3eca90bd17e2042de280\">\n#top .av-special-heading.av-mcz260yj-43d0620ef4eb3eca90bd17e2042de280{\npadding-bottom:10px;\ncolor:#b02b2c;\n}\nbody .av-special-heading.av-mcz260yj-43d0620ef4eb3eca90bd17e2042de280 .av-special-heading-tag .heading-char{\nfont-size:25px;\n}\n.av-special-heading.av-mcz260yj-43d0620ef4eb3eca90bd17e2042de280 .special-heading-inner-border{\nborder-color:#b02b2c;\n}\n.av-special-heading.av-mcz260yj-43d0620ef4eb3eca90bd17e2042de280 .av-subheading{\nfont-size:15px;\n}\n<\/style>\n<div  class='av-special-heading av-mcz260yj-43d0620ef4eb3eca90bd17e2042de280 av-special-heading-h1 custom-color-heading blockquote modern-quote modern-centered  avia-builder-el-15  el_after_av_one_full  el_before_av_one_full'><h1 class='av-special-heading-tag'  itemprop=\"headline\"  >Equip<\/h1><div class=\"special-heading-border\"><div class=\"special-heading-inner-border\"><\/div><\/div><\/div>\n<div  class='flex_column av-2kzqse-91955e59b456c38a759e6adbcdd7b8a1 av_one_full  avia-builder-el-16  el_after_av_heading  el_before_av_one_full  first flex_column_div'     ><\/div>\n<div  class='flex_column av-341tv2-e2dbc09c080cd5ef9f38b4494068f86c av_one_full  avia-builder-el-17  el_after_av_one_full  el_before_av_one_fourth  first flex_column_div  column-top-margin'     ><\/div>\n<div  class='flex_column av-wk7zce-9c360bcd83c353e06d38dbbf633f6642 av_one_fourth  avia-builder-el-18  el_after_av_one_full  el_before_av_one_fourth  first flex_column_div  column-top-margin'     ><section  class='avia-team-member av-uzsimm-640aae0d1d9bda40fb6ce06d88cfaad8  avia-builder-el-19  avia-builder-el-no-sibling'  itemscope=\"itemscope\" itemtype=\"https:\/\/schema.org\/Person\" ><div class=\"team-img-container\"><img decoding=\"async\" fetchpriority=\"high\" class='wp-image-2391 avia-img-lazy-loading-not-2391 avia_image avia_image_team' src=\"https:\/\/escolademusicasantjoan.com\/wp-content\/uploads\/2025\/07\/1-1-300x300.png\" alt='Juan F. Ballesteros'  itemprop=\"image\"   height=\"300\" width=\"300\" srcset=\"https:\/\/escolademusicasantjoan.com\/wp-content\/uploads\/2025\/07\/1-1-300x300.png 300w, https:\/\/escolademusicasantjoan.com\/wp-content\/uploads\/2025\/07\/1-1-80x80.png 80w, https:\/\/escolademusicasantjoan.com\/wp-content\/uploads\/2025\/07\/1-1-12x12.png 12w, https:\/\/escolademusicasantjoan.com\/wp-content\/uploads\/2025\/07\/1-1-36x36.png 36w, https:\/\/escolademusicasantjoan.com\/wp-content\/uploads\/2025\/07\/1-1-180x180.png 180w, https:\/\/escolademusicasantjoan.com\/wp-content\/uploads\/2025\/07\/1-1.png 500w\" sizes=\"(max-width: 300px) 100vw, 300px\" \/><\/div><h3 class='team-member-name'  itemprop=\"name\" >Juan F. Ballesteros<\/h3><div class='team-member-job-title'  itemprop=\"jobTitle\" >Coordinador i Cor<\/div><span class='hidden team-member-affiliation'  itemprop=\"affiliation\" >Escola de M\u00fasica Sant Joan<\/span><\/section><\/div>\n<div  class='flex_column av-13v8uz2-4ef89908c3b8379107ea361f9fcb94ab av_one_fourth  avia-builder-el-20  el_after_av_one_fourth  el_before_av_one_fourth  flex_column_div  column-top-margin'     ><section  class='avia-team-member av-mcz20a3x-3fa4ac6496d84357139298f75b9b7b81  avia-builder-el-21  avia-builder-el-no-sibling'  itemscope=\"itemscope\" itemtype=\"https:\/\/schema.org\/Person\" ><div class=\"team-img-container\"><img decoding=\"async\" fetchpriority=\"high\" class='wp-image-2384 avia-img-lazy-loading-not-2384 avia_image avia_image_team' src=\"https:\/\/escolademusicasantjoan.com\/wp-content\/uploads\/2025\/07\/4-300x300.png\" alt='Toni Coronado'  itemprop=\"image\"   height=\"300\" width=\"300\" srcset=\"https:\/\/escolademusicasantjoan.com\/wp-content\/uploads\/2025\/07\/4-300x300.png 300w, https:\/\/escolademusicasantjoan.com\/wp-content\/uploads\/2025\/07\/4-80x80.png 80w, https:\/\/escolademusicasantjoan.com\/wp-content\/uploads\/2025\/07\/4-12x12.png 12w, https:\/\/escolademusicasantjoan.com\/wp-content\/uploads\/2025\/07\/4-36x36.png 36w, https:\/\/escolademusicasantjoan.com\/wp-content\/uploads\/2025\/07\/4-180x180.png 180w, https:\/\/escolademusicasantjoan.com\/wp-content\/uploads\/2025\/07\/4.png 500w\" sizes=\"(max-width: 300px) 100vw, 300px\" \/><\/div><h3 class='team-member-name'  itemprop=\"name\" >Toni Coronado<\/h3><div class='team-member-job-title'  itemprop=\"jobTitle\" >Percussi\u00f3<\/div><span class='hidden team-member-affiliation'  itemprop=\"affiliation\" >Escola de M\u00fasica Sant Joan<\/span><\/section><\/div>\n<div  class='flex_column av-13as6wu-b83bbdee4b0b68ceeda5749979453856 av_one_fourth  avia-builder-el-22  el_after_av_one_fourth  el_before_av_one_fourth  flex_column_div  column-top-margin'     ><section  class='avia-team-member av-11vpucu-4c15e11fa5f0a3ba3daffcb314feb581  avia-builder-el-23  avia-builder-el-no-sibling'  itemscope=\"itemscope\" itemtype=\"https:\/\/schema.org\/Person\" ><div class=\"team-img-container\"><img decoding=\"async\" fetchpriority=\"high\" class='wp-image-2388 avia-img-lazy-loading-not-2388 avia_image avia_image_team' src=\"https:\/\/escolademusicasantjoan.com\/wp-content\/uploads\/2025\/07\/6-1-300x300.png\" alt='Nuria Mar\u00ed'  itemprop=\"image\"   height=\"300\" width=\"300\" srcset=\"https:\/\/escolademusicasantjoan.com\/wp-content\/uploads\/2025\/07\/6-1-300x300.png 300w, https:\/\/escolademusicasantjoan.com\/wp-content\/uploads\/2025\/07\/6-1-80x80.png 80w, https:\/\/escolademusicasantjoan.com\/wp-content\/uploads\/2025\/07\/6-1-12x12.png 12w, https:\/\/escolademusicasantjoan.com\/wp-content\/uploads\/2025\/07\/6-1-36x36.png 36w, https:\/\/escolademusicasantjoan.com\/wp-content\/uploads\/2025\/07\/6-1-180x180.png 180w, https:\/\/escolademusicasantjoan.com\/wp-content\/uploads\/2025\/07\/6-1.png 500w\" sizes=\"(max-width: 300px) 100vw, 300px\" \/><\/div><h3 class='team-member-name'  itemprop=\"name\" >Nuria Mar\u00ed<\/h3><div class='team-member-job-title'  itemprop=\"jobTitle\" >Monitora<\/div><span class='hidden team-member-affiliation'  itemprop=\"affiliation\" >Escola de M\u00fasica Sant Joan<\/span><\/section><\/div>\n<div  class='flex_column av-zd9vum-db55d5a996080212582423cca1dc56a8 av_one_fourth  avia-builder-el-24  el_after_av_one_fourth  el_before_av_one_full  flex_column_div  column-top-margin'     ><section  class='avia-team-member av-yj72da-b7a4ed0c424686ee6fe53ff737275b40  avia-builder-el-25  avia-builder-el-no-sibling'  itemscope=\"itemscope\" itemtype=\"https:\/\/schema.org\/Person\" ><div class=\"team-img-container\"><img decoding=\"async\" fetchpriority=\"high\" class='wp-image-2387 avia-img-lazy-loading-not-2387 avia_image avia_image_team' src=\"https:\/\/escolademusicasantjoan.com\/wp-content\/uploads\/2025\/07\/5-1-300x300.png\" alt='Luna Garc\u00eda'  itemprop=\"image\"   height=\"300\" width=\"300\" srcset=\"https:\/\/escolademusicasantjoan.com\/wp-content\/uploads\/2025\/07\/5-1-300x300.png 300w, https:\/\/escolademusicasantjoan.com\/wp-content\/uploads\/2025\/07\/5-1-80x80.png 80w, https:\/\/escolademusicasantjoan.com\/wp-content\/uploads\/2025\/07\/5-1-12x12.png 12w, https:\/\/escolademusicasantjoan.com\/wp-content\/uploads\/2025\/07\/5-1-36x36.png 36w, https:\/\/escolademusicasantjoan.com\/wp-content\/uploads\/2025\/07\/5-1-180x180.png 180w, https:\/\/escolademusicasantjoan.com\/wp-content\/uploads\/2025\/07\/5-1.png 500w\" sizes=\"(max-width: 300px) 100vw, 300px\" \/><\/div><h3 class='team-member-name'  itemprop=\"name\" >Luna Garc\u00eda<\/h3><div class='team-member-job-title'  itemprop=\"jobTitle\" >Monitora<\/div><span class='hidden team-member-affiliation'  itemprop=\"affiliation\" >Escola de M\u00fasica Sant Joan<\/span><\/section><\/div>\n<div  class='flex_column av-sxlh7y-aea1cb122245f493934cab20f20df569 av_one_full  avia-builder-el-26  el_after_av_one_fourth  el_before_av_one_full  first flex_column_div  column-top-margin'     ><\/div>\n<div  class='flex_column av-dsvm6-10a130b75f034b4a5cfbda629f260bc2 av_one_full  avia-builder-el-27  el_after_av_one_full  el_before_av_heading  first flex_column_div  column-top-margin'     ><\/div>\n\n<style type=\"text\/css\" data-created_by=\"avia_inline_auto\" id=\"style-css-av-mcouhzvy-be9400655e92486835e342e34c631638\">\n#top .av-special-heading.av-mcouhzvy-be9400655e92486835e342e34c631638{\npadding-bottom:10px;\ncolor:#b02b2c;\n}\nbody .av-special-heading.av-mcouhzvy-be9400655e92486835e342e34c631638 .av-special-heading-tag .heading-char{\nfont-size:25px;\n}\n.av-special-heading.av-mcouhzvy-be9400655e92486835e342e34c631638 .special-heading-inner-border{\nborder-color:#b02b2c;\n}\n.av-special-heading.av-mcouhzvy-be9400655e92486835e342e34c631638 .av-subheading{\nfont-size:15px;\n}\n<\/style>\n<div  class='av-special-heading av-mcouhzvy-be9400655e92486835e342e34c631638 av-special-heading-h1 custom-color-heading blockquote modern-quote modern-centered  avia-builder-el-28  el_after_av_one_full  el_before_av_one_full'><h1 class='av-special-heading-tag'  itemprop=\"headline\"  >Valor<\/h1><div class=\"special-heading-border\"><div class=\"special-heading-inner-border\"><\/div><\/div><\/div>\n<div  class='flex_column av-s1wsem-f01012586f586e7a4980572ed1c55f29 av_one_full  avia-builder-el-29  el_after_av_heading  el_before_av_one_full  first flex_column_div'     ><\/div>\n<div  class='flex_column av-bexha-30844b816c449439ee41aa9bcb46ae71 av_one_full  avia-builder-el-30  el_after_av_one_full  el_before_av_one_third  first flex_column_div  column-top-margin'     ><\/div>\n<div  class='flex_column av-q2qmr2-1e68ca15f1903f32057de755fae6dc29 av_one_third  avia-builder-el-31  el_after_av_one_full  el_before_av_one_third  first flex_column_div  column-top-margin'     ><section  class='avia-team-member av-mcoutm3h-e6971ec665b8f94324e78e3c875f8d05  avia-builder-el-32  avia-builder-el-no-sibling'  itemscope=\"itemscope\" itemtype=\"https:\/\/schema.org\/Person\" ><div class=\"team-img-container\"><img decoding=\"async\" fetchpriority=\"high\" class='wp-image-2363 avia-img-lazy-loading-not-2363 avia_image avia_image_team' src=\"https:\/\/escolademusicasantjoan.com\/wp-content\/uploads\/2025\/07\/1-212x300.png\" alt=''  itemprop=\"image\"   height=\"300\" width=\"212\" srcset=\"https:\/\/escolademusicasantjoan.com\/wp-content\/uploads\/2025\/07\/1-212x300.png 212w, https:\/\/escolademusicasantjoan.com\/wp-content\/uploads\/2025\/07\/1-728x1030.png 728w, https:\/\/escolademusicasantjoan.com\/wp-content\/uploads\/2025\/07\/1-768x1086.png 768w, https:\/\/escolademusicasantjoan.com\/wp-content\/uploads\/2025\/07\/1-1086x1536.png 1086w, https:\/\/escolademusicasantjoan.com\/wp-content\/uploads\/2025\/07\/1-8x12.png 8w, https:\/\/escolademusicasantjoan.com\/wp-content\/uploads\/2025\/07\/1-1061x1500.png 1061w, https:\/\/escolademusicasantjoan.com\/wp-content\/uploads\/2025\/07\/1-498x705.png 498w, https:\/\/escolademusicasantjoan.com\/wp-content\/uploads\/2025\/07\/1.png 1414w\" sizes=\"(max-width: 212px) 100vw, 212px\" \/><\/div><span class='hidden team-member-affiliation'  itemprop=\"affiliation\" >Escola de M\u00fasica Sant Joan<\/span><\/section><\/div>\n<div  class='flex_column av-o40rim-df707f9d8a255958732073f6d6bd253a av_one_third  avia-builder-el-33  el_after_av_one_third  el_before_av_one_third  flex_column_div  column-top-margin'     ><section  class='avia-team-member av-27tf66-a5ed838b004cc0a08dc45a8245c5fc75  avia-builder-el-34  avia-builder-el-no-sibling'  itemscope=\"itemscope\" itemtype=\"https:\/\/schema.org\/Person\" ><div class=\"team-img-container\"><img decoding=\"async\" fetchpriority=\"high\" class='wp-image-2364 avia-img-lazy-loading-not-2364 avia_image avia_image_team' src=\"https:\/\/escolademusicasantjoan.com\/wp-content\/uploads\/2025\/07\/2-212x300.png\" alt=''  itemprop=\"image\"   height=\"300\" width=\"212\" srcset=\"https:\/\/escolademusicasantjoan.com\/wp-content\/uploads\/2025\/07\/2-212x300.png 212w, https:\/\/escolademusicasantjoan.com\/wp-content\/uploads\/2025\/07\/2-728x1030.png 728w, https:\/\/escolademusicasantjoan.com\/wp-content\/uploads\/2025\/07\/2-768x1086.png 768w, https:\/\/escolademusicasantjoan.com\/wp-content\/uploads\/2025\/07\/2-1086x1536.png 1086w, https:\/\/escolademusicasantjoan.com\/wp-content\/uploads\/2025\/07\/2-8x12.png 8w, https:\/\/escolademusicasantjoan.com\/wp-content\/uploads\/2025\/07\/2-1061x1500.png 1061w, https:\/\/escolademusicasantjoan.com\/wp-content\/uploads\/2025\/07\/2-498x705.png 498w, https:\/\/escolademusicasantjoan.com\/wp-content\/uploads\/2025\/07\/2.png 1414w\" sizes=\"(max-width: 212px) 100vw, 212px\" \/><\/div><span class='hidden team-member-affiliation'  itemprop=\"affiliation\" >Escola de M\u00fasica Sant Joan<\/span><\/section><\/div>\n<div  class='flex_column av-kw0gam-a4d8e3434ba876bdccdc5e22666fd53a av_one_third  avia-builder-el-35  el_after_av_one_third  el_before_av_one_full  flex_column_div  column-top-margin'     ><section  class='avia-team-member av-mcouuj09-d32888c423631ba60619f3f51c3f036f  avia-builder-el-36  avia-builder-el-no-sibling'  itemscope=\"itemscope\" itemtype=\"https:\/\/schema.org\/Person\" ><div class=\"team-img-container\"><img decoding=\"async\" fetchpriority=\"high\" class='wp-image-2365 avia-img-lazy-loading-not-2365 avia_image avia_image_team' src=\"https:\/\/escolademusicasantjoan.com\/wp-content\/uploads\/2025\/07\/3-212x300.png\" alt=''  itemprop=\"image\"   height=\"300\" width=\"212\" srcset=\"https:\/\/escolademusicasantjoan.com\/wp-content\/uploads\/2025\/07\/3-212x300.png 212w, https:\/\/escolademusicasantjoan.com\/wp-content\/uploads\/2025\/07\/3-728x1030.png 728w, https:\/\/escolademusicasantjoan.com\/wp-content\/uploads\/2025\/07\/3-768x1086.png 768w, https:\/\/escolademusicasantjoan.com\/wp-content\/uploads\/2025\/07\/3-1086x1536.png 1086w, https:\/\/escolademusicasantjoan.com\/wp-content\/uploads\/2025\/07\/3-8x12.png 8w, https:\/\/escolademusicasantjoan.com\/wp-content\/uploads\/2025\/07\/3-1061x1500.png 1061w, https:\/\/escolademusicasantjoan.com\/wp-content\/uploads\/2025\/07\/3-498x705.png 498w, https:\/\/escolademusicasantjoan.com\/wp-content\/uploads\/2025\/07\/3.png 1414w\" sizes=\"(max-width: 212px) 100vw, 212px\" \/><\/div><span class='hidden team-member-affiliation'  itemprop=\"affiliation\" >Escola de M\u00fasica Sant Joan<\/span><\/section><\/div>\n<div  class='flex_column av-5oovla-7b481eef67011d9914ba6d61834d4b81 av_one_full  avia-builder-el-37  el_after_av_one_third  el_before_av_one_full  first flex_column_div  column-top-margin'     ><\/div>\n<div  class='flex_column av-3wlclq-1943a0e84f1daac42ac25537f50594ad av_one_full  avia-builder-el-38  el_after_av_one_full  el_before_av_heading  first flex_column_div  column-top-margin'     ><\/div>\n\n<style type=\"text\/css\" data-created_by=\"avia_inline_auto\" id=\"style-css-av-hzrnzi-d2dc851c43316b6cf0255759a4dd6daf\">\n#top .av-special-heading.av-hzrnzi-d2dc851c43316b6cf0255759a4dd6daf{\npadding-bottom:10px;\ncolor:#b02b2c;\n}\nbody .av-special-heading.av-hzrnzi-d2dc851c43316b6cf0255759a4dd6daf .av-special-heading-tag .heading-char{\nfont-size:25px;\n}\n.av-special-heading.av-hzrnzi-d2dc851c43316b6cf0255759a4dd6daf .special-heading-inner-border{\nborder-color:#b02b2c;\n}\n.av-special-heading.av-hzrnzi-d2dc851c43316b6cf0255759a4dd6daf .av-subheading{\nfont-size:15px;\n}\n<\/style>\n<div  class='av-special-heading av-hzrnzi-d2dc851c43316b6cf0255759a4dd6daf av-special-heading-h1 custom-color-heading blockquote modern-quote modern-centered  avia-builder-el-39  el_after_av_one_full  el_before_av_one_full'><h1 class='av-special-heading-tag'  itemprop=\"headline\"  >Inscripci\u00f3<\/h1><div class=\"special-heading-border\"><div class=\"special-heading-inner-border\"><\/div><\/div><\/div>\n<div  class='flex_column av-gbqbce-44e7adf46ca015a75632c04669bfed4f av_one_full  avia-builder-el-40  el_after_av_heading  el_before_av_one_full  first flex_column_div'     ><\/div>\n<div  class='flex_column av-2m494e-d7d6f9f5565765ca25826ab6bef4e1a0 av_one_full  avia-builder-el-41  el_after_av_one_full  el_before_av_contact  first flex_column_div  column-top-margin'     ><\/div>\n<form action=\"https:\/\/escolademusicasantjoan.com\/ca\/musica-destiu-a-sant-joan\/\" method=\"post\" data-fields-with-error=\"Found errors in the following field(s):\" class=\"avia_ajax_form av-form-labels-visible   avia-builder-el-42  el_after_av_one_full  el_before_av_one_full  av-custom-form-color av-dark-form\" data-avia-form-id=\"1\" data-avia-redirect=''  aria-label='Formulari de contacte' data-trp-original-action=\"https:\/\/escolademusicasantjoan.com\/ca\/musica-destiu-a-sant-joan\/\" ><fieldset><p class='first_form  form_element form_fullwidth' id='element_avia_1_1'><label for=\"avia_1_1\">nom pare\/mare\/tutor legal <abbr class=\"required\" title=\"obligatori\">*<\/abbr><\/label> <input name=\"avia_1_1\" class=\"text_input is_empty\" type=\"text\" id=\"avia_1_1\" value=\"\" \/><\/p><p class='first_form  form_element form_fullwidth' id='element_avia_2_1'><label for=\"avia_2_1\">nom alumne\/alumna <abbr class=\"required\" title=\"obligatori\">*<\/abbr><\/label> <input name=\"avia_2_1\" class=\"text_input is_empty\" type=\"text\" id=\"avia_2_1\" value=\"\" \/><\/p><p class='first_form  form_element form_fullwidth' id='element_avia_3_1'><label for=\"avia_3_1\">edat <abbr class=\"required\" title=\"obligatori\">*<\/abbr><\/label> <input name=\"avia_3_1\" class=\"text_input is_empty\" type=\"text\" id=\"avia_3_1\" value=\"\" \/><\/p><p class='first_form  form_element form_fullwidth' id='element_avia_4_1'><label for=\"avia_4_1\">correu electr\u00f2nic <abbr class=\"required\" title=\"obligatori\">*<\/abbr><\/label> <input name=\"avia_4_1\" class=\"text_input is_email\" type=\"text\" id=\"avia_4_1\" value=\"\" \/><\/p><p class='first_form  form_element form_fullwidth' id='element_avia_5_1'><label for=\"avia_5_1\">tel\u00e8fon 1 <abbr class=\"required\" title=\"obligatori\">*<\/abbr><\/label> <input name=\"avia_5_1\" class=\"text_input is_empty\" type=\"text\" id=\"avia_5_1\" value=\"\" \/><\/p><p class='first_form  form_element form_fullwidth' id='element_avia_6_1'><label for=\"avia_6_1\">tel\u00e8fon 2 <abbr class=\"required\" title=\"obligatori\">*<\/abbr><\/label> <input name=\"avia_6_1\" class=\"text_input is_empty\" type=\"text\" id=\"avia_6_1\" value=\"\" \/><\/p><p class='first_form  form_element form_fullwidth' id='element_avia_7_1'><label for=\"avia_7_1\">modalitat <abbr class=\"required\" title=\"obligatori\">*<\/abbr><\/label><select  name=\"avia_7_1\" class=\"select is_empty\" id=\"avia_7_1\"><option   value='alumno de la escuela de m\u00fasica'>alumne de l'escola de m\u00fasica<\/option><option   value='empadronado en Sant Joan'>empadronat a Sant Joan<\/option><option   value='otros'>altres<\/option><\/select><\/p><p class='first_form  form_element form_fullwidth' id='element_avia_8_1'><label for=\"avia_8_1\">autoritzo l'\u00fas did\u00e0ctic i publicaci\u00f3 de fotos i v\u00eddeos <abbr class=\"required\" title=\"obligatori\">*<\/abbr><\/label><select  name=\"avia_8_1\" class=\"select is_empty\" id=\"avia_8_1\"><option   value='s\u00ec'>s\u00ec<\/option><option   value='no'>no<\/option><\/select><\/p><p class=\"hidden\"><input type=\"text\" name=\"avia_9_1\" class=\"hidden\" id=\"avia_9_1\" value=\"\" \/><\/p><p class='form_element form_fullwidth' id='element_avia_10_1'><span class='value_verifier_label'>3 + 4 = ?<\/span><input name=\"avia_10_1_verifier\" type=\"hidden\" id=\"avia_10_1_verifier\" value=\"577445712\"\/><label for=\"avia_10_1\">Please prove that you are human by solving the equation <abbr class=\"required\" title=\"obligatori\">*<\/abbr><\/label><input name=\"avia_10_1\" class=\"text_input captcha\" type=\"text\" id=\"avia_10_1\" value=\"\"\/><\/p><p class=\"form_element\"><input type=\"hidden\" value=\"1\" name=\"avia_generated_form1\" \/><input type=\"submit\" value=\"Enviar\" class=\"button\"  data-sending-label=\"Enviant\"\/><\/p><\/fieldset><input type=\"hidden\" name=\"trp-form-language\" value=\"ca\"\/><\/form><div id=\"ajaxresponse_1\" class=\"ajaxresponse ajaxresponse_1 hidden\"><\/div>\n<div  class='flex_column av-5fj8b2-98bbca11422cd4644abf383c5a054342 av_one_full  avia-builder-el-43  el_after_av_contact  el_before_av_heading  first flex_column_div'     ><\/div>\n\n<style type=\"text\/css\" data-created_by=\"avia_inline_auto\" id=\"style-css-av-4jk1em-035a9e58bda5730d26d59129eab252fc\">\n#top .av-special-heading.av-4jk1em-035a9e58bda5730d26d59129eab252fc{\npadding-bottom:10px;\ncolor:#b02b2c;\n}\nbody .av-special-heading.av-4jk1em-035a9e58bda5730d26d59129eab252fc .av-special-heading-tag .heading-char{\nfont-size:25px;\n}\n.av-special-heading.av-4jk1em-035a9e58bda5730d26d59129eab252fc .special-heading-inner-border{\nborder-color:#b02b2c;\n}\n.av-special-heading.av-4jk1em-035a9e58bda5730d26d59129eab252fc .av-subheading{\nfont-size:15px;\n}\n<\/style>\n<div  class='av-special-heading av-4jk1em-035a9e58bda5730d26d59129eab252fc av-special-heading-h1 custom-color-heading blockquote modern-quote modern-centered  avia-builder-el-44  el_after_av_one_full  el_before_av_one_full'><h1 class='av-special-heading-tag'  itemprop=\"headline\"  >Gr\u00e0cies, us esperem!<\/h1><div class=\"special-heading-border\"><div class=\"special-heading-inner-border\"><\/div><\/div><\/div>\n<div  class='flex_column av-1zxfem-e9687b7f0085b56960ccb688b4a6c3d8 av_one_full  avia-builder-el-45  el_after_av_heading  el_before_av_one_full  first flex_column_div'     ><\/div>\n<div  class='flex_column av-3n6hj2-6dad385130750598e9bcd6b84f821a52 av_one_full  avia-builder-el-46  el_after_av_one_full  el_before_av_one_full  first flex_column_div  column-top-margin'     ><\/div>\n<div  class='flex_column av-1xtrn2-95c4b3336186007420df377aca5adbb7 av_one_full  avia-builder-el-47  el_after_av_one_full  avia-builder-el-last  first flex_column_div  column-top-margin'     ><\/div>","protected":false},"excerpt":{"rendered":"","protected":false},"author":2,"featured_media":2402,"parent":0,"menu_order":0,"comment_status":"closed","ping_status":"closed","template":"","meta":{"footnotes":""},"class_list":["post-2350","page","type-page","status-publish","has-post-thumbnail","hentry"],"yoast_head":"<!-- This site is optimized with the Yoast SEO plugin v25.2 - https:\/\/yoast.com\/wordpress\/plugins\/seo\/ -->\n<title>M\u00fasica d&#039;Estiu a Sant Joan &#062; Escola De M\u00fasica Sant Joan<\/title>\n<meta name=\"robots\" content=\"index, follow, max-snippet:-1, max-image-preview:large, max-video-preview:-1\" \/>\n<link rel=\"canonical\" href=\"https:\/\/escolademusicasantjoan.com\/ca\/musica-destiu-a-sant-joan\/\" \/>\n<meta property=\"og:locale\" content=\"ca_ES\" \/>\n<meta property=\"og:type\" content=\"article\" \/>\n<meta property=\"og:title\" content=\"M\u00fasica d&#039;Estiu a Sant Joan &#062; Escola De M\u00fasica Sant Joan\" \/>\n<meta property=\"og:url\" content=\"https:\/\/escolademusicasantjoan.com\/ca\/musica-destiu-a-sant-joan\/\" \/>\n<meta property=\"og:site_name\" content=\"Escola De M\u00fasica Sant Joan\" \/>\n<meta property=\"article:modified_time\" content=\"2025-07-15T09:15:36+00:00\" \/>\n<meta property=\"og:image\" content=\"https:\/\/escolademusicasantjoan.com\/wp-content\/uploads\/2025\/07\/Musica-dEstiu-a-Sant-Joan-2.png\" \/>\n\t<meta property=\"og:image:width\" content=\"1080\" \/>\n\t<meta property=\"og:image:height\" content=\"1080\" \/>\n\t<meta property=\"og:image:type\" content=\"image\/png\" \/>\n<meta name=\"twitter:card\" content=\"summary_large_image\" \/>\n<meta name=\"twitter:label1\" content=\"Temps estimat de lectura\" \/>\n\t<meta name=\"twitter:data1\" content=\"3 minuts\" \/>\n<script type=\"application\/ld+json\" class=\"yoast-schema-graph\">{\"@context\":\"https:\/\/schema.org\",\"@graph\":[{\"@type\":\"WebPage\",\"@id\":\"https:\/\/escolademusicasantjoan.com\/musica-destiu-a-sant-joan\/\",\"url\":\"https:\/\/escolademusicasantjoan.com\/musica-destiu-a-sant-joan\/\",\"name\":\"M\u00fasica d'Estiu a Sant Joan &#062; Escola De M\u00fasica Sant Joan\",\"isPartOf\":{\"@id\":\"https:\/\/escolademusicasantjoan.com\/#website\"},\"primaryImageOfPage\":{\"@id\":\"https:\/\/escolademusicasantjoan.com\/musica-destiu-a-sant-joan\/#primaryimage\"},\"image\":{\"@id\":\"https:\/\/escolademusicasantjoan.com\/musica-destiu-a-sant-joan\/#primaryimage\"},\"thumbnailUrl\":\"https:\/\/escolademusicasantjoan.com\/wp-content\/uploads\/2025\/07\/Musica-dEstiu-a-Sant-Joan-2.png\",\"datePublished\":\"2025-07-04T13:08:16+00:00\",\"dateModified\":\"2025-07-15T09:15:36+00:00\",\"breadcrumb\":{\"@id\":\"https:\/\/escolademusicasantjoan.com\/musica-destiu-a-sant-joan\/#breadcrumb\"},\"inLanguage\":\"ca\",\"potentialAction\":[{\"@type\":\"ReadAction\",\"target\":[\"https:\/\/escolademusicasantjoan.com\/musica-destiu-a-sant-joan\/\"]}]},{\"@type\":\"ImageObject\",\"inLanguage\":\"ca\",\"@id\":\"https:\/\/escolademusicasantjoan.com\/musica-destiu-a-sant-joan\/#primaryimage\",\"url\":\"https:\/\/escolademusicasantjoan.com\/wp-content\/uploads\/2025\/07\/Musica-dEstiu-a-Sant-Joan-2.png\",\"contentUrl\":\"https:\/\/escolademusicasantjoan.com\/wp-content\/uploads\/2025\/07\/Musica-dEstiu-a-Sant-Joan-2.png\",\"width\":1080,\"height\":1080},{\"@type\":\"BreadcrumbList\",\"@id\":\"https:\/\/escolademusicasantjoan.com\/musica-destiu-a-sant-joan\/#breadcrumb\",\"itemListElement\":[{\"@type\":\"ListItem\",\"position\":1,\"name\":\"Portada\",\"item\":\"https:\/\/escolademusicasantjoan.com\/inicio\/\"},{\"@type\":\"ListItem\",\"position\":2,\"name\":\"M\u00fasica d&#8217;Estiu a Sant Joan\"}]},{\"@type\":\"WebSite\",\"@id\":\"https:\/\/escolademusicasantjoan.com\/#website\",\"url\":\"https:\/\/escolademusicasantjoan.com\/\",\"name\":\"Escola De M\u00fasica Sant Joan\",\"description\":\"escuela de m\u00fasica\",\"publisher\":{\"@id\":\"https:\/\/escolademusicasantjoan.com\/#\/schema\/person\/376c9c4bab832235e877438a59f9a3da\"},\"potentialAction\":[{\"@type\":\"SearchAction\",\"target\":{\"@type\":\"EntryPoint\",\"urlTemplate\":\"https:\/\/escolademusicasantjoan.com\/?s={search_term_string}\"},\"query-input\":{\"@type\":\"PropertyValueSpecification\",\"valueRequired\":true,\"valueName\":\"search_term_string\"}}],\"inLanguage\":\"ca\"},{\"@type\":[\"Person\",\"Organization\"],\"@id\":\"https:\/\/escolademusicasantjoan.com\/#\/schema\/person\/376c9c4bab832235e877438a59f9a3da\",\"name\":\"Escola M\u00fasica San Joan\",\"image\":{\"@type\":\"ImageObject\",\"inLanguage\":\"ca\",\"@id\":\"https:\/\/escolademusicasantjoan.com\/#\/schema\/person\/image\/\",\"url\":\"https:\/\/escolademusicasantjoan.com\/wp-content\/uploads\/2024\/09\/Invertido.png\",\"contentUrl\":\"https:\/\/escolademusicasantjoan.com\/wp-content\/uploads\/2024\/09\/Invertido.png\",\"width\":480,\"height\":480,\"caption\":\"Escola M\u00fasica San Joan\"},\"logo\":{\"@id\":\"https:\/\/escolademusicasantjoan.com\/#\/schema\/person\/image\/\"}}]}<\/script>\n<!-- \/ Yoast SEO plugin. -->","yoast_head_json":{"title":"M\u00fasica d'Estiu a Sant Joan &#062; Escola De M\u00fasica Sant Joan","robots":{"index":"index","follow":"follow","max-snippet":"max-snippet:-1","max-image-preview":"max-image-preview:large","max-video-preview":"max-video-preview:-1"},"canonical":"https:\/\/escolademusicasantjoan.com\/ca\/musica-destiu-a-sant-joan\/","og_locale":"ca_ES","og_type":"article","og_title":"M\u00fasica d'Estiu a Sant Joan &#062; Escola De M\u00fasica Sant Joan","og_url":"https:\/\/escolademusicasantjoan.com\/ca\/musica-destiu-a-sant-joan\/","og_site_name":"Escola De M\u00fasica Sant Joan","article_modified_time":"2025-07-15T09:15:36+00:00","og_image":[{"width":1080,"height":1080,"url":"https:\/\/escolademusicasantjoan.com\/wp-content\/uploads\/2025\/07\/Musica-dEstiu-a-Sant-Joan-2.png","type":"image\/png"}],"twitter_card":"summary_large_image","twitter_misc":{"Temps estimat de lectura":"3 minuts"},"schema":{"@context":"https:\/\/schema.org","@graph":[{"@type":"WebPage","@id":"https:\/\/escolademusicasantjoan.com\/musica-destiu-a-sant-joan\/","url":"https:\/\/escolademusicasantjoan.com\/musica-destiu-a-sant-joan\/","name":"M\u00fasica d'Estiu a Sant Joan &#062; Escola De M\u00fasica Sant Joan","isPartOf":{"@id":"https:\/\/escolademusicasantjoan.com\/#website"},"primaryImageOfPage":{"@id":"https:\/\/escolademusicasantjoan.com\/musica-destiu-a-sant-joan\/#primaryimage"},"image":{"@id":"https:\/\/escolademusicasantjoan.com\/musica-destiu-a-sant-joan\/#primaryimage"},"thumbnailUrl":"https:\/\/escolademusicasantjoan.com\/wp-content\/uploads\/2025\/07\/Musica-dEstiu-a-Sant-Joan-2.png","datePublished":"2025-07-04T13:08:16+00:00","dateModified":"2025-07-15T09:15:36+00:00","breadcrumb":{"@id":"https:\/\/escolademusicasantjoan.com\/musica-destiu-a-sant-joan\/#breadcrumb"},"inLanguage":"ca","potentialAction":[{"@type":"ReadAction","target":["https:\/\/escolademusicasantjoan.com\/musica-destiu-a-sant-joan\/"]}]},{"@type":"ImageObject","inLanguage":"ca","@id":"https:\/\/escolademusicasantjoan.com\/musica-destiu-a-sant-joan\/#primaryimage","url":"https:\/\/escolademusicasantjoan.com\/wp-content\/uploads\/2025\/07\/Musica-dEstiu-a-Sant-Joan-2.png","contentUrl":"https:\/\/escolademusicasantjoan.com\/wp-content\/uploads\/2025\/07\/Musica-dEstiu-a-Sant-Joan-2.png","width":1080,"height":1080},{"@type":"BreadcrumbList","@id":"https:\/\/escolademusicasantjoan.com\/musica-destiu-a-sant-joan\/#breadcrumb","itemListElement":[{"@type":"ListItem","position":1,"name":"Portada","item":"https:\/\/escolademusicasantjoan.com\/inicio\/"},{"@type":"ListItem","position":2,"name":"M\u00fasica d&#8217;Estiu a Sant Joan"}]},{"@type":"WebSite","@id":"https:\/\/escolademusicasantjoan.com\/#website","url":"https:\/\/escolademusicasantjoan.com\/","name":"Escola De M\u00fasica Sant Joan","description":"escuela de m\u00fasica","publisher":{"@id":"https:\/\/escolademusicasantjoan.com\/#\/schema\/person\/376c9c4bab832235e877438a59f9a3da"},"potentialAction":[{"@type":"SearchAction","target":{"@type":"EntryPoint","urlTemplate":"https:\/\/escolademusicasantjoan.com\/?s={search_term_string}"},"query-input":{"@type":"PropertyValueSpecification","valueRequired":true,"valueName":"search_term_string"}}],"inLanguage":"ca"},{"@type":["Person","Organization"],"@id":"https:\/\/escolademusicasantjoan.com\/#\/schema\/person\/376c9c4bab832235e877438a59f9a3da","name":"Escola M\u00fasica San Joan","image":{"@type":"ImageObject","inLanguage":"ca","@id":"https:\/\/escolademusicasantjoan.com\/#\/schema\/person\/image\/","url":"https:\/\/escolademusicasantjoan.com\/wp-content\/uploads\/2024\/09\/Invertido.png","contentUrl":"https:\/\/escolademusicasantjoan.com\/wp-content\/uploads\/2024\/09\/Invertido.png","width":480,"height":480,"caption":"Escola M\u00fasica San Joan"},"logo":{"@id":"https:\/\/escolademusicasantjoan.com\/#\/schema\/person\/image\/"}}]}},"_links":{"self":[{"href":"https:\/\/escolademusicasantjoan.com\/ca\/wp-json\/wp\/v2\/pages\/2350","targetHints":{"allow":["GET"]}}],"collection":[{"href":"https:\/\/escolademusicasantjoan.com\/ca\/wp-json\/wp\/v2\/pages"}],"about":[{"href":"https:\/\/escolademusicasantjoan.com\/ca\/wp-json\/wp\/v2\/types\/page"}],"author":[{"embeddable":true,"href":"https:\/\/escolademusicasantjoan.com\/ca\/wp-json\/wp\/v2\/users\/2"}],"replies":[{"embeddable":true,"href":"https:\/\/escolademusicasantjoan.com\/ca\/wp-json\/wp\/v2\/comments?post=2350"}],"version-history":[{"count":43,"href":"https:\/\/escolademusicasantjoan.com\/ca\/wp-json\/wp\/v2\/pages\/2350\/revisions"}],"predecessor-version":[{"id":2353,"href":"https:\/\/escolademusicasantjoan.com\/ca\/wp-json\/wp\/v2\/pages\/2350\/revisions\/2353"}],"wp:featuredmedia":[{"embeddable":true,"href":"https:\/\/escolademusicasantjoan.com\/ca\/wp-json\/wp\/v2\/media\/2402"}],"wp:attachment":[{"href":"https:\/\/escolademusicasantjoan.com\/ca\/wp-json\/wp\/v2\/media?parent=2350"}],"curies":[{"name":"wp","href":"https:\/\/api.w.org\/{rel}","templated":true}]}}