{"id":1869,"date":"2025-04-07T09:35:21","date_gmt":"2025-04-07T09:35:21","guid":{"rendered":"https:\/\/escolademusicasantjoan.com\/?page_id=1869"},"modified":"2025-04-07T09:56:51","modified_gmt":"2025-04-07T09:56:51","slug":"proteccion-de-datos","status":"publish","type":"page","link":"https:\/\/escolademusicasantjoan.com\/ca\/proteccion-de-datos\/","title":{"rendered":"Protecci\u00f3 Dades"},"content":{"rendered":"<div  class='flex_column av-8vmdu5-276bdf633f91b695886786e43a451514 av_one_full  avia-builder-el-0  el_before_av_heading  avia-builder-el-first  first flex_column_div'     ><\/div>\n\n<style type=\"text\/css\" data-created_by=\"avia_inline_auto\" id=\"style-css-av-m96vjict-57cf6c60f911bd30a19fda1bf55dd8b5\">\n#top .av-special-heading.av-m96vjict-57cf6c60f911bd30a19fda1bf55dd8b5{\npadding-bottom:10px;\n}\nbody .av-special-heading.av-m96vjict-57cf6c60f911bd30a19fda1bf55dd8b5 .av-special-heading-tag .heading-char{\nfont-size:25px;\n}\n.av-special-heading.av-m96vjict-57cf6c60f911bd30a19fda1bf55dd8b5 .av-subheading{\nfont-size:15px;\n}\n<\/style>\n<div  class='av-special-heading av-m96vjict-57cf6c60f911bd30a19fda1bf55dd8b5 av-special-heading-h2 blockquote modern-quote modern-centered  avia-builder-el-1  el_after_av_one_full  el_before_av_one_full'><h2 class='av-special-heading-tag'  itemprop=\"headline\"  >Informaci\u00f3 b\u00e0sica de protecci\u00f3 de dades<\/h2><div class='av-subheading av-subheading_below'><p>Ajuntament de Sant Joan de Labritja<\/p>\n<\/div><div class=\"special-heading-border\"><div class=\"special-heading-inner-border\"><\/div><\/div><\/div>\n<div  class='flex_column av-7066pp-ce29aebecffddb451924ed987f53b4a5 av_one_full  avia-builder-el-2  el_after_av_heading  el_before_av_textblock  first flex_column_div'     ><\/div>\n<section  class='av_textblock_section av-m96vkybm-f3be8baf566cb8caa82d09325cc78bfe'   itemscope=\"itemscope\" itemtype=\"https:\/\/schema.org\/CreativeWork\" ><div class='avia_textblock'  itemprop=\"text\" ><p><b>INFORMACI\u00d3 B\u00c2SICA DE PROTECCI\u00d3 DE DADES<\/b>: De conformidad con el Reglamento General de Protecci\u00f3n de Datos (RGPD), esta Administraci\u00f3n le informa que los datos de car\u00e1cter personal que se obtengan de su solicitud ser\u00e1n incorporados ay tratados de forma segura y confidencial en los correspondientes ficheros. La recogida y tratamiento de estos datos tiene como fin el ejercicio por parte de esta Administraci\u00f3n la de domiciliar los recibos del ciudadano. Tiene derecho a acceder, rectificar y suprimir los datos, as\u00ed como otros derechos, como se explica en la informaci\u00f3n adicional, dirigiendo una comunicaci\u00f3n escrita a esta Administraci\u00f3n, CIF P0805000H. Web: www.santjoandelabritja.com. Direcci\u00f3n: Pl. de l\u2019Ajuntament, 1, Sant Joan de Labritja, 07810 Eivissa (Illes Balears).<b><br \/>\n<\/b><br \/>\n<b>Qui \u00e9s el Responsable del tractament de les seves dades?<\/b><b><\/b><\/p>\n<p>Identitat: Ajuntament de Sant Joan de Labritja CIF P0805000H<br \/>\nDir. Postal: Pl. de l\u2019Ajuntament, 1 07810 Sant Joan de Labritja \u2013 Eivissa \u2013 Illes Balears<br \/>\nTel\u00e8fon: 971 33 30 03 \/ 971 33 32 18<br \/>\nEmail: info@santjoandelabritja.com<br \/>\nDelegat de Protecci\u00f3 de Dades: <a href=\"mailto:dpd@santjoandelabritja.com\">dpd@santjoandelabritja.com<\/a><\/p>\n<p><b>Amb quina finalitat tractem les seves dades personals?<\/b><\/p>\n<p>L'Ajuntament de Sant Joan de Labritja tractar\u00e0 la informaci\u00f3 que faciliten les persones interessades a fi de domiciliar els rebuts.<\/p>\n<p><b>Per quant temps conservarem les seves dades?<\/b><\/p>\n<p>Les dades personals proporcionades es conservaran mentre no se sol\u00b7liciti la seva supressi\u00f3 per l'interessat o interessada.<\/p>\n<p><b>Quina \u00e9s la legitimaci\u00f3 per al tractament de les seves dades?<\/b><\/p>\n<p>Article 33, 38 i seg\u00fcents i article 68 del Reial decret 939\/2005, de 29 de juliol, pel qual s'aprova el Reglament General de Recaptaci\u00f3.<\/p>\n<p><b>A quins destinataris es comunicaran les seves dades?<\/b><\/p>\n<p>Les dades no es comunicaran a tercers sense l'autoritzaci\u00f3 de l'interessat o interessada.<\/p>\n<p><b>Quins s\u00f3n els seus drets quan ens facilita les seves dades?<\/b><\/p>\n<ul>\n<li>Qualsevol persona t\u00e9 dret a obtenir confirmaci\u00f3 sobre si l'Ajuntament de Sant de Labritja est\u00e0 tractant dades personals que els concerneixin, o no.<\/li>\n<li>Les persones interessades tenen dret a accedir a les seves dades personals, aix\u00ed com a sol\u00b7licitar la rectificaci\u00f3 de les dades inexactes o, si \u00e9s el cas, sol\u00b7licitar la seva supressi\u00f3 quan, entre altres motius, les dades ja no siguin necessaris per als fins que van ser recollits.<\/li>\n<li>En determinades circumst\u00e0ncies, els interessats i interessades podran sol\u00b7licitar la limitaci\u00f3 del tractament de les seves dades, i en aquest cas \u00fanicament es conserven per a l'exercici o la defensa de reclamacions.<\/li>\n<li>En determinades circumst\u00e0ncies i per motius relacionats amb la seva situaci\u00f3 particular podran oposar-se al tractament de les seves dades. L'Ajuntament de Sant Joan de Labritja deixar\u00e0 de tractar les dades, excepte per motius leg\u00edtims imperiosos, o l'exercici o la defensa de possibles reclamacions.<\/li>\n<\/ul>\n<\/div><\/section>\n<div  class='flex_column av-6km4od-cd440af2172589e3d8f9b860b320ad44 av_one_full  avia-builder-el-4  el_after_av_textblock  el_before_av_button  first flex_column_div  column-top-margin'     ><\/div>\n<div  class='avia-button-wrap av-m96vlhyv-e4ab51e6f3224806a26e4900a374f1cf-wrap avia-button-center  avia-builder-el-5  el_after_av_one_full  el_before_av_one_full'><a href=''  class='avia-button av-m96vlhyv-e4ab51e6f3224806a26e4900a374f1cf av-link-btn avia-icon_select-no avia-size-small avia-position-center avia-color-theme-color'   aria-label=\"tornar\"><span class='avia_iconbox_title' >tornar<\/span><\/a><\/div>\n<div  class='flex_column av-3i12rx-6c4a9637c30977649fdc70feb4b59503 av_one_full  avia-builder-el-6  el_after_av_button  el_before_av_one_full  first flex_column_div'     ><\/div>\n<div  class='flex_column av-2kc5nh-370cf7123f2ac51ff37dcae8ab6a4f10 av_one_full  avia-builder-el-7  el_after_av_one_full  avia-builder-el-last  first flex_column_div  column-top-margin'     ><\/div>","protected":false},"excerpt":{"rendered":"","protected":false},"author":2,"featured_media":1872,"parent":0,"menu_order":0,"comment_status":"closed","ping_status":"closed","template":"","meta":{"footnotes":""},"class_list":["post-1869","page","type-page","status-publish","has-post-thumbnail","hentry"],"yoast_head":"<!-- This site is optimized with the Yoast SEO plugin v25.2 - https:\/\/yoast.com\/wordpress\/plugins\/seo\/ -->\n<title>Protecci\u00f3n de Datos &#062; Escola De M\u00fasica Sant Joan<\/title>\n<meta name=\"robots\" content=\"index, follow, max-snippet:-1, max-image-preview:large, max-video-preview:-1\" \/>\n<link rel=\"canonical\" href=\"https:\/\/escolademusicasantjoan.com\/ca\/proteccion-de-datos\/\" \/>\n<meta property=\"og:locale\" content=\"ca_ES\" \/>\n<meta property=\"og:type\" content=\"article\" \/>\n<meta property=\"og:title\" content=\"Protecci\u00f3n de Datos &#062; Escola De M\u00fasica Sant Joan\" \/>\n<meta property=\"og:url\" content=\"https:\/\/escolademusicasantjoan.com\/ca\/proteccion-de-datos\/\" \/>\n<meta property=\"og:site_name\" content=\"Escola De M\u00fasica Sant Joan\" \/>\n<meta property=\"article:modified_time\" content=\"2025-04-07T09:56:51+00:00\" \/>\n<meta property=\"og:image\" content=\"https:\/\/escolademusicasantjoan.com\/wp-content\/uploads\/2025\/04\/pexels-ferarcosn-211151-scaled.jpg\" \/>\n\t<meta property=\"og:image:width\" content=\"2560\" \/>\n\t<meta property=\"og:image:height\" content=\"1702\" \/>\n\t<meta property=\"og:image:type\" content=\"image\/jpeg\" \/>\n<meta name=\"twitter:card\" content=\"summary_large_image\" \/>\n<meta name=\"twitter:label1\" content=\"Temps estimat de lectura\" \/>\n\t<meta name=\"twitter:data1\" content=\"13 minuts\" \/>\n<script type=\"application\/ld+json\" class=\"yoast-schema-graph\">{\"@context\":\"https:\/\/schema.org\",\"@graph\":[{\"@type\":\"WebPage\",\"@id\":\"https:\/\/escolademusicasantjoan.com\/proteccion-de-datos\/\",\"url\":\"https:\/\/escolademusicasantjoan.com\/proteccion-de-datos\/\",\"name\":\"Protecci\u00f3n de Datos &#062; Escola De M\u00fasica Sant Joan\",\"isPartOf\":{\"@id\":\"https:\/\/escolademusicasantjoan.com\/#website\"},\"primaryImageOfPage\":{\"@id\":\"https:\/\/escolademusicasantjoan.com\/proteccion-de-datos\/#primaryimage\"},\"image\":{\"@id\":\"https:\/\/escolademusicasantjoan.com\/proteccion-de-datos\/#primaryimage\"},\"thumbnailUrl\":\"https:\/\/escolademusicasantjoan.com\/wp-content\/uploads\/2025\/04\/pexels-ferarcosn-211151-scaled.jpg\",\"datePublished\":\"2025-04-07T09:35:21+00:00\",\"dateModified\":\"2025-04-07T09:56:51+00:00\",\"breadcrumb\":{\"@id\":\"https:\/\/escolademusicasantjoan.com\/proteccion-de-datos\/#breadcrumb\"},\"inLanguage\":\"ca\",\"potentialAction\":[{\"@type\":\"ReadAction\",\"target\":[\"https:\/\/escolademusicasantjoan.com\/proteccion-de-datos\/\"]}]},{\"@type\":\"ImageObject\",\"inLanguage\":\"ca\",\"@id\":\"https:\/\/escolademusicasantjoan.com\/proteccion-de-datos\/#primaryimage\",\"url\":\"https:\/\/escolademusicasantjoan.com\/wp-content\/uploads\/2025\/04\/pexels-ferarcosn-211151-scaled.jpg\",\"contentUrl\":\"https:\/\/escolademusicasantjoan.com\/wp-content\/uploads\/2025\/04\/pexels-ferarcosn-211151-scaled.jpg\",\"width\":2560,\"height\":1702},{\"@type\":\"BreadcrumbList\",\"@id\":\"https:\/\/escolademusicasantjoan.com\/proteccion-de-datos\/#breadcrumb\",\"itemListElement\":[{\"@type\":\"ListItem\",\"position\":1,\"name\":\"Portada\",\"item\":\"https:\/\/escolademusicasantjoan.com\/inicio\/\"},{\"@type\":\"ListItem\",\"position\":2,\"name\":\"Protecci\u00f3n de Datos\"}]},{\"@type\":\"WebSite\",\"@id\":\"https:\/\/escolademusicasantjoan.com\/#website\",\"url\":\"https:\/\/escolademusicasantjoan.com\/\",\"name\":\"Escola De M\u00fasica Sant Joan\",\"description\":\"escuela de m\u00fasica\",\"publisher\":{\"@id\":\"https:\/\/escolademusicasantjoan.com\/#\/schema\/person\/376c9c4bab832235e877438a59f9a3da\"},\"potentialAction\":[{\"@type\":\"SearchAction\",\"target\":{\"@type\":\"EntryPoint\",\"urlTemplate\":\"https:\/\/escolademusicasantjoan.com\/?s={search_term_string}\"},\"query-input\":{\"@type\":\"PropertyValueSpecification\",\"valueRequired\":true,\"valueName\":\"search_term_string\"}}],\"inLanguage\":\"ca\"},{\"@type\":[\"Person\",\"Organization\"],\"@id\":\"https:\/\/escolademusicasantjoan.com\/#\/schema\/person\/376c9c4bab832235e877438a59f9a3da\",\"name\":\"Escola M\u00fasica San Joan\",\"image\":{\"@type\":\"ImageObject\",\"inLanguage\":\"ca\",\"@id\":\"https:\/\/escolademusicasantjoan.com\/#\/schema\/person\/image\/\",\"url\":\"https:\/\/escolademusicasantjoan.com\/wp-content\/uploads\/2024\/09\/Invertido.png\",\"contentUrl\":\"https:\/\/escolademusicasantjoan.com\/wp-content\/uploads\/2024\/09\/Invertido.png\",\"width\":480,\"height\":480,\"caption\":\"Escola M\u00fasica San Joan\"},\"logo\":{\"@id\":\"https:\/\/escolademusicasantjoan.com\/#\/schema\/person\/image\/\"}}]}<\/script>\n<!-- \/ Yoast SEO plugin. -->","yoast_head_json":{"title":"Protecci\u00f3n de Datos &#062; Escola De M\u00fasica Sant Joan","robots":{"index":"index","follow":"follow","max-snippet":"max-snippet:-1","max-image-preview":"max-image-preview:large","max-video-preview":"max-video-preview:-1"},"canonical":"https:\/\/escolademusicasantjoan.com\/ca\/proteccion-de-datos\/","og_locale":"ca_ES","og_type":"article","og_title":"Protecci\u00f3n de Datos &#062; Escola De M\u00fasica Sant Joan","og_url":"https:\/\/escolademusicasantjoan.com\/ca\/proteccion-de-datos\/","og_site_name":"Escola De M\u00fasica Sant Joan","article_modified_time":"2025-04-07T09:56:51+00:00","og_image":[{"width":2560,"height":1702,"url":"https:\/\/escolademusicasantjoan.com\/wp-content\/uploads\/2025\/04\/pexels-ferarcosn-211151-scaled.jpg","type":"image\/jpeg"}],"twitter_card":"summary_large_image","twitter_misc":{"Temps estimat de lectura":"13 minuts"},"schema":{"@context":"https:\/\/schema.org","@graph":[{"@type":"WebPage","@id":"https:\/\/escolademusicasantjoan.com\/proteccion-de-datos\/","url":"https:\/\/escolademusicasantjoan.com\/proteccion-de-datos\/","name":"Protecci\u00f3n de Datos &#062; Escola De M\u00fasica Sant Joan","isPartOf":{"@id":"https:\/\/escolademusicasantjoan.com\/#website"},"primaryImageOfPage":{"@id":"https:\/\/escolademusicasantjoan.com\/proteccion-de-datos\/#primaryimage"},"image":{"@id":"https:\/\/escolademusicasantjoan.com\/proteccion-de-datos\/#primaryimage"},"thumbnailUrl":"https:\/\/escolademusicasantjoan.com\/wp-content\/uploads\/2025\/04\/pexels-ferarcosn-211151-scaled.jpg","datePublished":"2025-04-07T09:35:21+00:00","dateModified":"2025-04-07T09:56:51+00:00","breadcrumb":{"@id":"https:\/\/escolademusicasantjoan.com\/proteccion-de-datos\/#breadcrumb"},"inLanguage":"ca","potentialAction":[{"@type":"ReadAction","target":["https:\/\/escolademusicasantjoan.com\/proteccion-de-datos\/"]}]},{"@type":"ImageObject","inLanguage":"ca","@id":"https:\/\/escolademusicasantjoan.com\/proteccion-de-datos\/#primaryimage","url":"https:\/\/escolademusicasantjoan.com\/wp-content\/uploads\/2025\/04\/pexels-ferarcosn-211151-scaled.jpg","contentUrl":"https:\/\/escolademusicasantjoan.com\/wp-content\/uploads\/2025\/04\/pexels-ferarcosn-211151-scaled.jpg","width":2560,"height":1702},{"@type":"BreadcrumbList","@id":"https:\/\/escolademusicasantjoan.com\/proteccion-de-datos\/#breadcrumb","itemListElement":[{"@type":"ListItem","position":1,"name":"Portada","item":"https:\/\/escolademusicasantjoan.com\/inicio\/"},{"@type":"ListItem","position":2,"name":"Protecci\u00f3n de Datos"}]},{"@type":"WebSite","@id":"https:\/\/escolademusicasantjoan.com\/#website","url":"https:\/\/escolademusicasantjoan.com\/","name":"Escola De M\u00fasica Sant Joan","description":"escuela de m\u00fasica","publisher":{"@id":"https:\/\/escolademusicasantjoan.com\/#\/schema\/person\/376c9c4bab832235e877438a59f9a3da"},"potentialAction":[{"@type":"SearchAction","target":{"@type":"EntryPoint","urlTemplate":"https:\/\/escolademusicasantjoan.com\/?s={search_term_string}"},"query-input":{"@type":"PropertyValueSpecification","valueRequired":true,"valueName":"search_term_string"}}],"inLanguage":"ca"},{"@type":["Person","Organization"],"@id":"https:\/\/escolademusicasantjoan.com\/#\/schema\/person\/376c9c4bab832235e877438a59f9a3da","name":"Escola M\u00fasica San Joan","image":{"@type":"ImageObject","inLanguage":"ca","@id":"https:\/\/escolademusicasantjoan.com\/#\/schema\/person\/image\/","url":"https:\/\/escolademusicasantjoan.com\/wp-content\/uploads\/2024\/09\/Invertido.png","contentUrl":"https:\/\/escolademusicasantjoan.com\/wp-content\/uploads\/2024\/09\/Invertido.png","width":480,"height":480,"caption":"Escola M\u00fasica San Joan"},"logo":{"@id":"https:\/\/escolademusicasantjoan.com\/#\/schema\/person\/image\/"}}]}},"_links":{"self":[{"href":"https:\/\/escolademusicasantjoan.com\/ca\/wp-json\/wp\/v2\/pages\/1869","targetHints":{"allow":["GET"]}}],"collection":[{"href":"https:\/\/escolademusicasantjoan.com\/ca\/wp-json\/wp\/v2\/pages"}],"about":[{"href":"https:\/\/escolademusicasantjoan.com\/ca\/wp-json\/wp\/v2\/types\/page"}],"author":[{"embeddable":true,"href":"https:\/\/escolademusicasantjoan.com\/ca\/wp-json\/wp\/v2\/users\/2"}],"replies":[{"embeddable":true,"href":"https:\/\/escolademusicasantjoan.com\/ca\/wp-json\/wp\/v2\/comments?post=1869"}],"version-history":[{"count":4,"href":"https:\/\/escolademusicasantjoan.com\/ca\/wp-json\/wp\/v2\/pages\/1869\/revisions"}],"predecessor-version":[{"id":2119,"href":"https:\/\/escolademusicasantjoan.com\/ca\/wp-json\/wp\/v2\/pages\/1869\/revisions\/2119"}],"wp:featuredmedia":[{"embeddable":true,"href":"https:\/\/escolademusicasantjoan.com\/ca\/wp-json\/wp\/v2\/media\/1872"}],"wp:attachment":[{"href":"https:\/\/escolademusicasantjoan.com\/ca\/wp-json\/wp\/v2\/media?parent=1869"}],"curies":[{"name":"wp","href":"https:\/\/api.w.org\/{rel}","templated":true}]}}