{"id":1745,"date":"2024-09-28T14:04:10","date_gmt":"2024-09-28T14:04:10","guid":{"rendered":"https:\/\/escolademusicasantjoan.com\/?page_id=1745"},"modified":"2025-06-01T08:55:33","modified_gmt":"2025-06-01T08:55:33","slug":"bio-juanf-ballesteros","status":"publish","type":"page","link":"https:\/\/escolademusicasantjoan.com\/ca\/bio-juanf-ballesteros\/","title":{"rendered":"Bio Juan F. Ballesteros"},"content":{"rendered":"<div  class='flex_column av-bilnv4-1b497cfe390d39a446ec80b8ca21359d av_one_full  avia-builder-el-0  el_before_av_heading  avia-builder-el-first  first flex_column_div'     ><\/div>\n\n<style type=\"text\/css\" data-created_by=\"avia_inline_auto\" id=\"style-css-av-mbdfcmpj-46c4f1833786c715070a28d0d803b77f\">\n#top .av-special-heading.av-mbdfcmpj-46c4f1833786c715070a28d0d803b77f{\npadding-bottom:10px;\n}\nbody .av-special-heading.av-mbdfcmpj-46c4f1833786c715070a28d0d803b77f .av-special-heading-tag .heading-char{\nfont-size:25px;\n}\n.av-special-heading.av-mbdfcmpj-46c4f1833786c715070a28d0d803b77f .av-subheading{\nfont-size:15px;\n}\n<\/style>\n<div  class='av-special-heading av-mbdfcmpj-46c4f1833786c715070a28d0d803b77f av-special-heading-h2 blockquote modern-quote modern-centered  avia-builder-el-1  el_after_av_one_full  el_before_av_one_full'><h2 class='av-special-heading-tag'  itemprop=\"headline\"  ><span class='special_amp'>\u201e<\/span>La m\u00fasica \u00e9s el so de l'amor\u00bb<\/h2><div class=\"special-heading-border\"><div class=\"special-heading-inner-border\"><\/div><\/div><\/div>\n<div  class='flex_column av-wmla8-40222ecad50c89b2521da0bf9b215501 av_one_full  avia-builder-el-2  el_after_av_heading  el_before_av_one_full  first flex_column_div'     ><\/div>\n<div  class='flex_column av-av_one_full-a961ec8c42a44a397321d1a2224da3ca av_one_full  avia-builder-el-3  el_after_av_one_full  el_before_av_textblock  first flex_column_div  column-top-margin'     ><\/div>\n\n<style type=\"text\/css\" data-created_by=\"avia_inline_auto\" id=\"style-css-av-m1m7hzuq-c5ea38f5f63549e0c6359fb086ae9e22\">\n#top .av_textblock_section.av-m1m7hzuq-c5ea38f5f63549e0c6359fb086ae9e22 .avia_textblock{\nfont-size:19px;\n}\n<\/style>\n<section  class='av_textblock_section av-m1m7hzuq-c5ea38f5f63549e0c6359fb086ae9e22'   itemscope=\"itemscope\" itemtype=\"https:\/\/schema.org\/CreativeWork\" ><div class='avia_textblock'  itemprop=\"text\" ><p>Encara que va n\u00e9ixer i va viure a Val\u00e8ncia bona part de la seva vida ara resideix a Eivissa des d'on gestiona diferents projectes musicals i formatius. Director d'orquestra i cor, pianista, compositor i productor.<\/p>\n<p>La veu sempre li ha fascinat (estudi canto com a contratenor) i durant anys ha treballat com a pianista repertoriste, director de cor i formador de directors i directores de cor. Prova d'aix\u00f2 la posada en marxa de la primera formaci\u00f3 en direcci\u00f3 coral en l'\u00e0mbit universitari quan va dirigir per primera vegada al nostre pa\u00eds l'I Postgrau d'aquesta especialitat donin la UIB (Universitat de les Illes Balears). El mateix amb la direcci\u00f3 de banda (Universitat de Val\u00e8ncia), instrument col\u00b7lectiu tan arrelat en la nostra cultura mediterr\u00e0nia.<\/p>\n<p>Va ser a Su\u00e8cia primer \u00a0i despr\u00e9s a It\u00e0lia on es va especialitzar en el fascinant art de la direcci\u00f3 S'ha posat al capdavant d'agrupacions com les bandes municipals de Barcelona, Oviedo a Eivissa, la JONDE (Jove Orquestra Nacional d'Espanya) o Stockholm S:t Jacobs Kammarkor, entre altres. Manager de la productora de m\u00fasica cl\u00e0ssica i jazz Just4You Music Solutions. Manager de la xarxa internacional Gospel Experience Project i Cor Jove Illes Balears. Gerent de la Jove Orquestra dels Illes Balears, de la Banda de Dones de Catalunya i del cor La voix de l\u2019\u00e2me. Creador de les escoles de direcci\u00f3 a Badalona, Toledo, Val\u00e8ncia i Navarra. Director de les escoles de m\u00fasica a Sant Joan de Labritja (Eivissa) i Lloret de Vistalegre (Mallorca). Dirigeix el \u00a0Cor del Conservatori de Felanitx (Mallorca). Col\u00b7laborador del Centre Superior de M\u00fasica de Gal\u00edcia.<\/p>\n<p>Bajo su direcci\u00f3n son\u00f3 por primera vez en Ibiza obras emblem\u00e1ticas como Mes\u00edas de G.F. Haendel, Requiem de W. A. Mozart, 9\u00aa Sinfon\u00eda de L. van Beethoven o autores como Debussy y Wagner.<\/p>\n<p>Escritor, especialista en marketing musical, protocolo y creaci\u00f3n de proyectos y eventos. Divulgador y conferenciante. Ha escrito libros como <em>Manual de supervivencia para dirigir un coro, C\u00f3mo dirigir una banda y no morir en el intento, Marketing elemental para m\u00fasicos expertos, el m\u00e9todo Organiza-T<\/em> i <em>Apaga Facebook y vende m\u00e1s<\/em>, y un buen n\u00famero de poemarios.<\/p>\n<p>Resideix a Eivissa amb Elvira i dos preciosos nens.<\/p>\n<\/div><\/section>\n<div  class='flex_column av-81oa00-4262b06ab053099ff20abe0b01a3854f av_one_full  avia-builder-el-5  el_after_av_textblock  el_before_av_one_full  first flex_column_div  column-top-margin'     ><\/div>\n<div  class='flex_column av-6fzsww-5cb257f4e9fa936a09772b976b474934 av_one_full  avia-builder-el-6  el_after_av_one_full  el_before_av_button  first flex_column_div  column-top-margin'     ><\/div>\n<div  class='avia-button-wrap av-m1m7dyo3-7e56b0d6f58e084376afead7a5baa71d-wrap avia-button-center  avia-builder-el-7  el_after_av_one_full  el_before_av_one_full'><a href='https:\/\/escolademusicasantjoan.com\/ca\/profesorado\/'  class='avia-button av-m1m7dyo3-7e56b0d6f58e084376afead7a5baa71d av-link-btn avia-icon_select-no avia-size-small avia-position-center avia-color-theme-color'   aria-label=\"tornar\"><span class='avia_iconbox_title' >tornar<\/span><\/a><\/div>\n<div  class='flex_column av-csfeo-1594355d87a2d12b77cca1bdef427c67 av_one_full  avia-builder-el-8  el_after_av_button  el_before_av_one_full  first flex_column_div'     ><\/div>\n<div  class='flex_column av-6oqgg-043ffda34ee67ccaa0fd0b8037d0e95c av_one_full  avia-builder-el-9  el_after_av_one_full  avia-builder-el-last  first flex_column_div  column-top-margin'     ><\/div>","protected":false},"excerpt":{"rendered":"","protected":false},"author":2,"featured_media":1616,"parent":0,"menu_order":0,"comment_status":"closed","ping_status":"closed","template":"","meta":{"footnotes":""},"class_list":["post-1745","page","type-page","status-publish","has-post-thumbnail","hentry"],"yoast_head":"<!-- This site is optimized with the Yoast SEO plugin v25.2 - https:\/\/yoast.com\/wordpress\/plugins\/seo\/ -->\n<title>Bio Juan F. Ballesteros &#062; Escola De M\u00fasica Sant Joan<\/title>\n<meta name=\"robots\" content=\"index, follow, max-snippet:-1, max-image-preview:large, max-video-preview:-1\" \/>\n<link rel=\"canonical\" href=\"https:\/\/escolademusicasantjoan.com\/ca\/bio-juanf-ballesteros\/\" \/>\n<meta property=\"og:locale\" content=\"ca_ES\" \/>\n<meta property=\"og:type\" content=\"article\" \/>\n<meta property=\"og:title\" content=\"Bio Juan F. Ballesteros &#062; Escola De M\u00fasica Sant Joan\" \/>\n<meta property=\"og:url\" content=\"https:\/\/escolademusicasantjoan.com\/ca\/bio-juanf-ballesteros\/\" \/>\n<meta property=\"og:site_name\" content=\"Escola De M\u00fasica Sant Joan\" \/>\n<meta property=\"article:modified_time\" content=\"2025-06-01T08:55:33+00:00\" \/>\n<meta property=\"og:image\" content=\"https:\/\/escolademusicasantjoan.com\/wp-content\/uploads\/2023\/11\/1-2.png\" \/>\n\t<meta property=\"og:image:width\" content=\"940\" \/>\n\t<meta property=\"og:image:height\" content=\"788\" \/>\n\t<meta property=\"og:image:type\" content=\"image\/png\" \/>\n<meta name=\"twitter:card\" content=\"summary_large_image\" \/>\n<meta name=\"twitter:label1\" content=\"Temps estimat de lectura\" \/>\n\t<meta name=\"twitter:data1\" content=\"16 minuts\" \/>\n<script type=\"application\/ld+json\" class=\"yoast-schema-graph\">{\"@context\":\"https:\/\/schema.org\",\"@graph\":[{\"@type\":\"WebPage\",\"@id\":\"https:\/\/escolademusicasantjoan.com\/bio-juanf-ballesteros\/\",\"url\":\"https:\/\/escolademusicasantjoan.com\/bio-juanf-ballesteros\/\",\"name\":\"Bio Juan F. Ballesteros &#062; Escola De M\u00fasica Sant Joan\",\"isPartOf\":{\"@id\":\"https:\/\/escolademusicasantjoan.com\/#website\"},\"primaryImageOfPage\":{\"@id\":\"https:\/\/escolademusicasantjoan.com\/bio-juanf-ballesteros\/#primaryimage\"},\"image\":{\"@id\":\"https:\/\/escolademusicasantjoan.com\/bio-juanf-ballesteros\/#primaryimage\"},\"thumbnailUrl\":\"https:\/\/escolademusicasantjoan.com\/wp-content\/uploads\/2024\/09\/IMG_5024-scaled.jpeg\",\"datePublished\":\"2024-09-28T14:04:10+00:00\",\"dateModified\":\"2025-06-01T08:55:33+00:00\",\"breadcrumb\":{\"@id\":\"https:\/\/escolademusicasantjoan.com\/bio-juanf-ballesteros\/#breadcrumb\"},\"inLanguage\":\"ca\",\"potentialAction\":[{\"@type\":\"ReadAction\",\"target\":[\"https:\/\/escolademusicasantjoan.com\/bio-juanf-ballesteros\/\"]}]},{\"@type\":\"ImageObject\",\"inLanguage\":\"ca\",\"@id\":\"https:\/\/escolademusicasantjoan.com\/bio-juanf-ballesteros\/#primaryimage\",\"url\":\"https:\/\/escolademusicasantjoan.com\/wp-content\/uploads\/2024\/09\/IMG_5024-scaled.jpeg\",\"contentUrl\":\"https:\/\/escolademusicasantjoan.com\/wp-content\/uploads\/2024\/09\/IMG_5024-scaled.jpeg\",\"width\":1920,\"height\":2560},{\"@type\":\"BreadcrumbList\",\"@id\":\"https:\/\/escolademusicasantjoan.com\/bio-juanf-ballesteros\/#breadcrumb\",\"itemListElement\":[{\"@type\":\"ListItem\",\"position\":1,\"name\":\"Portada\",\"item\":\"https:\/\/escolademusicasantjoan.com\/inicio\/\"},{\"@type\":\"ListItem\",\"position\":2,\"name\":\"Bio Juan F. Ballesteros\"}]},{\"@type\":\"WebSite\",\"@id\":\"https:\/\/escolademusicasantjoan.com\/#website\",\"url\":\"https:\/\/escolademusicasantjoan.com\/\",\"name\":\"Escola De M\u00fasica Sant Joan\",\"description\":\"escuela de m\u00fasica\",\"publisher\":{\"@id\":\"https:\/\/escolademusicasantjoan.com\/#\/schema\/person\/376c9c4bab832235e877438a59f9a3da\"},\"potentialAction\":[{\"@type\":\"SearchAction\",\"target\":{\"@type\":\"EntryPoint\",\"urlTemplate\":\"https:\/\/escolademusicasantjoan.com\/?s={search_term_string}\"},\"query-input\":{\"@type\":\"PropertyValueSpecification\",\"valueRequired\":true,\"valueName\":\"search_term_string\"}}],\"inLanguage\":\"ca\"},{\"@type\":[\"Person\",\"Organization\"],\"@id\":\"https:\/\/escolademusicasantjoan.com\/#\/schema\/person\/376c9c4bab832235e877438a59f9a3da\",\"name\":\"Escola M\u00fasica San Joan\",\"image\":{\"@type\":\"ImageObject\",\"inLanguage\":\"ca\",\"@id\":\"https:\/\/escolademusicasantjoan.com\/#\/schema\/person\/image\/\",\"url\":\"https:\/\/escolademusicasantjoan.com\/wp-content\/uploads\/2024\/09\/Invertido.png\",\"contentUrl\":\"https:\/\/escolademusicasantjoan.com\/wp-content\/uploads\/2024\/09\/Invertido.png\",\"width\":480,\"height\":480,\"caption\":\"Escola M\u00fasica San Joan\"},\"logo\":{\"@id\":\"https:\/\/escolademusicasantjoan.com\/#\/schema\/person\/image\/\"}}]}<\/script>\n<!-- \/ Yoast SEO plugin. -->","yoast_head_json":{"title":"Bio Juan F. Ballesteros &#062; Escola De M\u00fasica Sant Joan","robots":{"index":"index","follow":"follow","max-snippet":"max-snippet:-1","max-image-preview":"max-image-preview:large","max-video-preview":"max-video-preview:-1"},"canonical":"https:\/\/escolademusicasantjoan.com\/ca\/bio-juanf-ballesteros\/","og_locale":"ca_ES","og_type":"article","og_title":"Bio Juan F. Ballesteros &#062; Escola De M\u00fasica Sant Joan","og_url":"https:\/\/escolademusicasantjoan.com\/ca\/bio-juanf-ballesteros\/","og_site_name":"Escola De M\u00fasica Sant Joan","article_modified_time":"2025-06-01T08:55:33+00:00","og_image":[{"width":940,"height":788,"url":"https:\/\/escolademusicasantjoan.com\/wp-content\/uploads\/2023\/11\/1-2.png","type":"image\/png"}],"twitter_card":"summary_large_image","twitter_misc":{"Temps estimat de lectura":"16 minuts"},"schema":{"@context":"https:\/\/schema.org","@graph":[{"@type":"WebPage","@id":"https:\/\/escolademusicasantjoan.com\/bio-juanf-ballesteros\/","url":"https:\/\/escolademusicasantjoan.com\/bio-juanf-ballesteros\/","name":"Bio Juan F. Ballesteros &#062; Escola De M\u00fasica Sant Joan","isPartOf":{"@id":"https:\/\/escolademusicasantjoan.com\/#website"},"primaryImageOfPage":{"@id":"https:\/\/escolademusicasantjoan.com\/bio-juanf-ballesteros\/#primaryimage"},"image":{"@id":"https:\/\/escolademusicasantjoan.com\/bio-juanf-ballesteros\/#primaryimage"},"thumbnailUrl":"https:\/\/escolademusicasantjoan.com\/wp-content\/uploads\/2024\/09\/IMG_5024-scaled.jpeg","datePublished":"2024-09-28T14:04:10+00:00","dateModified":"2025-06-01T08:55:33+00:00","breadcrumb":{"@id":"https:\/\/escolademusicasantjoan.com\/bio-juanf-ballesteros\/#breadcrumb"},"inLanguage":"ca","potentialAction":[{"@type":"ReadAction","target":["https:\/\/escolademusicasantjoan.com\/bio-juanf-ballesteros\/"]}]},{"@type":"ImageObject","inLanguage":"ca","@id":"https:\/\/escolademusicasantjoan.com\/bio-juanf-ballesteros\/#primaryimage","url":"https:\/\/escolademusicasantjoan.com\/wp-content\/uploads\/2024\/09\/IMG_5024-scaled.jpeg","contentUrl":"https:\/\/escolademusicasantjoan.com\/wp-content\/uploads\/2024\/09\/IMG_5024-scaled.jpeg","width":1920,"height":2560},{"@type":"BreadcrumbList","@id":"https:\/\/escolademusicasantjoan.com\/bio-juanf-ballesteros\/#breadcrumb","itemListElement":[{"@type":"ListItem","position":1,"name":"Portada","item":"https:\/\/escolademusicasantjoan.com\/inicio\/"},{"@type":"ListItem","position":2,"name":"Bio Juan F. Ballesteros"}]},{"@type":"WebSite","@id":"https:\/\/escolademusicasantjoan.com\/#website","url":"https:\/\/escolademusicasantjoan.com\/","name":"Escola De M\u00fasica Sant Joan","description":"escuela de m\u00fasica","publisher":{"@id":"https:\/\/escolademusicasantjoan.com\/#\/schema\/person\/376c9c4bab832235e877438a59f9a3da"},"potentialAction":[{"@type":"SearchAction","target":{"@type":"EntryPoint","urlTemplate":"https:\/\/escolademusicasantjoan.com\/?s={search_term_string}"},"query-input":{"@type":"PropertyValueSpecification","valueRequired":true,"valueName":"search_term_string"}}],"inLanguage":"ca"},{"@type":["Person","Organization"],"@id":"https:\/\/escolademusicasantjoan.com\/#\/schema\/person\/376c9c4bab832235e877438a59f9a3da","name":"Escola M\u00fasica San Joan","image":{"@type":"ImageObject","inLanguage":"ca","@id":"https:\/\/escolademusicasantjoan.com\/#\/schema\/person\/image\/","url":"https:\/\/escolademusicasantjoan.com\/wp-content\/uploads\/2024\/09\/Invertido.png","contentUrl":"https:\/\/escolademusicasantjoan.com\/wp-content\/uploads\/2024\/09\/Invertido.png","width":480,"height":480,"caption":"Escola M\u00fasica San Joan"},"logo":{"@id":"https:\/\/escolademusicasantjoan.com\/#\/schema\/person\/image\/"}}]}},"_links":{"self":[{"href":"https:\/\/escolademusicasantjoan.com\/ca\/wp-json\/wp\/v2\/pages\/1745","targetHints":{"allow":["GET"]}}],"collection":[{"href":"https:\/\/escolademusicasantjoan.com\/ca\/wp-json\/wp\/v2\/pages"}],"about":[{"href":"https:\/\/escolademusicasantjoan.com\/ca\/wp-json\/wp\/v2\/types\/page"}],"author":[{"embeddable":true,"href":"https:\/\/escolademusicasantjoan.com\/ca\/wp-json\/wp\/v2\/users\/2"}],"replies":[{"embeddable":true,"href":"https:\/\/escolademusicasantjoan.com\/ca\/wp-json\/wp\/v2\/comments?post=1745"}],"version-history":[{"count":8,"href":"https:\/\/escolademusicasantjoan.com\/ca\/wp-json\/wp\/v2\/pages\/1745\/revisions"}],"predecessor-version":[{"id":2265,"href":"https:\/\/escolademusicasantjoan.com\/ca\/wp-json\/wp\/v2\/pages\/1745\/revisions\/2265"}],"wp:featuredmedia":[{"embeddable":true,"href":"https:\/\/escolademusicasantjoan.com\/ca\/wp-json\/wp\/v2\/media\/1616"}],"wp:attachment":[{"href":"https:\/\/escolademusicasantjoan.com\/ca\/wp-json\/wp\/v2\/media?parent=1745"}],"curies":[{"name":"wp","href":"https:\/\/api.w.org\/{rel}","templated":true}]}}