{"id":1736,"date":"2024-09-28T13:54:52","date_gmt":"2024-09-28T13:54:52","guid":{"rendered":"https:\/\/escolademusicasantjoan.com\/?page_id=1736"},"modified":"2025-06-01T09:01:38","modified_gmt":"2025-06-01T09:01:38","slug":"bio-rafael-gonzalez","status":"publish","type":"page","link":"https:\/\/escolademusicasantjoan.com\/ca\/bio-rafael-gonzalez\/","title":{"rendered":"Bio Rafael Gonz\u00e1lez"},"content":{"rendered":"<div  class='flex_column av-bilnv4-1b497cfe390d39a446ec80b8ca21359d av_one_full  avia-builder-el-0  el_before_av_heading  avia-builder-el-first  first flex_column_div'     ><\/div>\n\n<style type=\"text\/css\" data-created_by=\"avia_inline_auto\" id=\"style-css-av-mbdflh67-78a7be505795c0ebf32f20a8303eaf36\">\n#top .av-special-heading.av-mbdflh67-78a7be505795c0ebf32f20a8303eaf36{\npadding-bottom:10px;\n}\nbody .av-special-heading.av-mbdflh67-78a7be505795c0ebf32f20a8303eaf36 .av-special-heading-tag .heading-char{\nfont-size:25px;\n}\n.av-special-heading.av-mbdflh67-78a7be505795c0ebf32f20a8303eaf36 .av-subheading{\nfont-size:15px;\n}\n<\/style>\n<div  class='av-special-heading av-mbdflh67-78a7be505795c0ebf32f20a8303eaf36 av-special-heading-h2 blockquote modern-quote modern-centered  avia-builder-el-1  el_after_av_one_full  el_before_av_one_full'><h2 class='av-special-heading-tag'  itemprop=\"headline\"  ><span class='special_amp'>\u201e<\/span>\u201eTrobar un espai d'expressi\u00f3 i reflexi\u00f3 amb la m\u00fasica\"<\/h2><div class=\"special-heading-border\"><div class=\"special-heading-inner-border\"><\/div><\/div><\/div>\n<div  class='flex_column av-wmla8-40222ecad50c89b2521da0bf9b215501 av_one_full  avia-builder-el-2  el_after_av_heading  el_before_av_one_full  first flex_column_div'     ><\/div>\n<div  class='flex_column av-av_one_full-a961ec8c42a44a397321d1a2224da3ca av_one_full  avia-builder-el-3  el_after_av_one_full  el_before_av_textblock  first flex_column_div  column-top-margin'     ><\/div>\n\n<style type=\"text\/css\" data-created_by=\"avia_inline_auto\" id=\"style-css-av-m1m7hzuq-c5ea38f5f63549e0c6359fb086ae9e22\">\n#top .av_textblock_section.av-m1m7hzuq-c5ea38f5f63549e0c6359fb086ae9e22 .avia_textblock{\nfont-size:19px;\n}\n<\/style>\n<section  class='av_textblock_section av-m1m7hzuq-c5ea38f5f63549e0c6359fb086ae9e22'   itemscope=\"itemscope\" itemtype=\"https:\/\/schema.org\/CreativeWork\" ><div class='avia_textblock'  itemprop=\"text\" ><div class=\"page\" title=\"Page 1\">\n<div class=\"section\">\n<div class=\"layoutArea\">\n<div class=\"column\">\n<p style=\"text-align: left;\">Montevideo, 1988. Format a l'Uruguai, Xile, Alemanya i Hongria. Els seus mestres van ser Maria Iris Radrig\u00e1n, Grigory Gruzman, Homero Francesch, Andr\u00e1s Kemenes i Rita Wagner. Ha actuat en recitals a l'Uruguai, Xile, Alemanya, Espanya, Hongria i Holanda, destacant-se les seves presentacions en el Palau de les Arts de Budapest, el Teatre Municipal de Santiago de Xile, el Teatre del Llac de Frutillar, el Teatre Sol\u00eds de Montevideo, Teatre Municipal de Palma, Auditoris dels Conservatoris Superiors de M\u00fasica de Salamanca i de les illes Balears. Professor en diferents conservatoris de Mallorca i col\u00b7laborador habitual de l'Orquestra Simf\u00f2nica de les illes Balears.<\/p>\n<\/div>\n<\/div>\n<\/div>\n<\/div>\n<\/div><\/section>\n<div  class='flex_column av-81oa00-4262b06ab053099ff20abe0b01a3854f av_one_full  avia-builder-el-5  el_after_av_textblock  el_before_av_one_full  first flex_column_div  column-top-margin'     ><\/div>\n<div  class='flex_column av-6fzsww-5cb257f4e9fa936a09772b976b474934 av_one_full  avia-builder-el-6  el_after_av_one_full  el_before_av_button  first flex_column_div  column-top-margin'     ><\/div>\n<div  class='avia-button-wrap av-m1m7dyo3-7e56b0d6f58e084376afead7a5baa71d-wrap avia-button-center  avia-builder-el-7  el_after_av_one_full  el_before_av_one_full'><a href='https:\/\/escolademusicasantjoan.com\/ca\/profesorado\/'  class='avia-button av-m1m7dyo3-7e56b0d6f58e084376afead7a5baa71d av-link-btn avia-icon_select-no avia-size-small avia-position-center avia-color-theme-color'   aria-label=\"tornar\"><span class='avia_iconbox_title' >tornar<\/span><\/a><\/div>\n<div  class='flex_column av-csfeo-1594355d87a2d12b77cca1bdef427c67 av_one_full  avia-builder-el-8  el_after_av_button  el_before_av_one_full  first flex_column_div'     ><\/div>\n<div  class='flex_column av-6oqgg-043ffda34ee67ccaa0fd0b8037d0e95c av_one_full  avia-builder-el-9  el_after_av_one_full  avia-builder-el-last  first flex_column_div  column-top-margin'     ><\/div>","protected":false},"excerpt":{"rendered":"","protected":false},"author":2,"featured_media":1616,"parent":0,"menu_order":0,"comment_status":"closed","ping_status":"closed","template":"","meta":{"footnotes":""},"class_list":["post-1736","page","type-page","status-publish","has-post-thumbnail","hentry"],"yoast_head":"<!-- This site is optimized with the Yoast SEO plugin v25.2 - https:\/\/yoast.com\/wordpress\/plugins\/seo\/ -->\n<title>Bio Rafael Gonz\u00e1lez &#062; Escola De M\u00fasica Sant Joan<\/title>\n<meta name=\"robots\" content=\"index, follow, max-snippet:-1, max-image-preview:large, max-video-preview:-1\" \/>\n<link rel=\"canonical\" href=\"https:\/\/escolademusicasantjoan.com\/ca\/bio-rafael-gonzalez\/\" \/>\n<meta property=\"og:locale\" content=\"ca_ES\" \/>\n<meta property=\"og:type\" content=\"article\" \/>\n<meta property=\"og:title\" content=\"Bio Rafael Gonz\u00e1lez &#062; Escola De M\u00fasica Sant Joan\" \/>\n<meta property=\"og:url\" content=\"https:\/\/escolademusicasantjoan.com\/ca\/bio-rafael-gonzalez\/\" \/>\n<meta property=\"og:site_name\" content=\"Escola De M\u00fasica Sant Joan\" \/>\n<meta property=\"article:modified_time\" content=\"2025-06-01T09:01:38+00:00\" \/>\n<meta property=\"og:image\" content=\"https:\/\/escolademusicasantjoan.com\/wp-content\/uploads\/2024\/09\/PROFES-SANT-JOAN-1.png\" \/>\n\t<meta property=\"og:image:width\" content=\"500\" \/>\n\t<meta property=\"og:image:height\" content=\"500\" \/>\n\t<meta property=\"og:image:type\" content=\"image\/png\" \/>\n<meta name=\"twitter:card\" content=\"summary_large_image\" \/>\n<meta name=\"twitter:label1\" content=\"Temps estimat de lectura\" \/>\n\t<meta name=\"twitter:data1\" content=\"15 minuts\" \/>\n<script type=\"application\/ld+json\" class=\"yoast-schema-graph\">{\"@context\":\"https:\/\/schema.org\",\"@graph\":[{\"@type\":\"WebPage\",\"@id\":\"https:\/\/escolademusicasantjoan.com\/bio-rafael-gonzalez\/\",\"url\":\"https:\/\/escolademusicasantjoan.com\/bio-rafael-gonzalez\/\",\"name\":\"Bio Rafael Gonz\u00e1lez &#062; Escola De M\u00fasica Sant Joan\",\"isPartOf\":{\"@id\":\"https:\/\/escolademusicasantjoan.com\/#website\"},\"primaryImageOfPage\":{\"@id\":\"https:\/\/escolademusicasantjoan.com\/bio-rafael-gonzalez\/#primaryimage\"},\"image\":{\"@id\":\"https:\/\/escolademusicasantjoan.com\/bio-rafael-gonzalez\/#primaryimage\"},\"thumbnailUrl\":\"https:\/\/escolademusicasantjoan.com\/wp-content\/uploads\/2024\/09\/IMG_5024-scaled.jpeg\",\"datePublished\":\"2024-09-28T13:54:52+00:00\",\"dateModified\":\"2025-06-01T09:01:38+00:00\",\"breadcrumb\":{\"@id\":\"https:\/\/escolademusicasantjoan.com\/bio-rafael-gonzalez\/#breadcrumb\"},\"inLanguage\":\"ca\",\"potentialAction\":[{\"@type\":\"ReadAction\",\"target\":[\"https:\/\/escolademusicasantjoan.com\/bio-rafael-gonzalez\/\"]}]},{\"@type\":\"ImageObject\",\"inLanguage\":\"ca\",\"@id\":\"https:\/\/escolademusicasantjoan.com\/bio-rafael-gonzalez\/#primaryimage\",\"url\":\"https:\/\/escolademusicasantjoan.com\/wp-content\/uploads\/2024\/09\/IMG_5024-scaled.jpeg\",\"contentUrl\":\"https:\/\/escolademusicasantjoan.com\/wp-content\/uploads\/2024\/09\/IMG_5024-scaled.jpeg\",\"width\":1920,\"height\":2560},{\"@type\":\"BreadcrumbList\",\"@id\":\"https:\/\/escolademusicasantjoan.com\/bio-rafael-gonzalez\/#breadcrumb\",\"itemListElement\":[{\"@type\":\"ListItem\",\"position\":1,\"name\":\"Portada\",\"item\":\"https:\/\/escolademusicasantjoan.com\/inicio\/\"},{\"@type\":\"ListItem\",\"position\":2,\"name\":\"Bio Rafael Gonz\u00e1lez\"}]},{\"@type\":\"WebSite\",\"@id\":\"https:\/\/escolademusicasantjoan.com\/#website\",\"url\":\"https:\/\/escolademusicasantjoan.com\/\",\"name\":\"Escola De M\u00fasica Sant Joan\",\"description\":\"escuela de m\u00fasica\",\"publisher\":{\"@id\":\"https:\/\/escolademusicasantjoan.com\/#\/schema\/person\/376c9c4bab832235e877438a59f9a3da\"},\"potentialAction\":[{\"@type\":\"SearchAction\",\"target\":{\"@type\":\"EntryPoint\",\"urlTemplate\":\"https:\/\/escolademusicasantjoan.com\/?s={search_term_string}\"},\"query-input\":{\"@type\":\"PropertyValueSpecification\",\"valueRequired\":true,\"valueName\":\"search_term_string\"}}],\"inLanguage\":\"ca\"},{\"@type\":[\"Person\",\"Organization\"],\"@id\":\"https:\/\/escolademusicasantjoan.com\/#\/schema\/person\/376c9c4bab832235e877438a59f9a3da\",\"name\":\"Escola M\u00fasica San Joan\",\"image\":{\"@type\":\"ImageObject\",\"inLanguage\":\"ca\",\"@id\":\"https:\/\/escolademusicasantjoan.com\/#\/schema\/person\/image\/\",\"url\":\"https:\/\/escolademusicasantjoan.com\/wp-content\/uploads\/2024\/09\/Invertido.png\",\"contentUrl\":\"https:\/\/escolademusicasantjoan.com\/wp-content\/uploads\/2024\/09\/Invertido.png\",\"width\":480,\"height\":480,\"caption\":\"Escola M\u00fasica San Joan\"},\"logo\":{\"@id\":\"https:\/\/escolademusicasantjoan.com\/#\/schema\/person\/image\/\"}}]}<\/script>\n<!-- \/ Yoast SEO plugin. -->","yoast_head_json":{"title":"Bio Rafael Gonz\u00e1lez &#062; Escola De M\u00fasica Sant Joan","robots":{"index":"index","follow":"follow","max-snippet":"max-snippet:-1","max-image-preview":"max-image-preview:large","max-video-preview":"max-video-preview:-1"},"canonical":"https:\/\/escolademusicasantjoan.com\/ca\/bio-rafael-gonzalez\/","og_locale":"ca_ES","og_type":"article","og_title":"Bio Rafael Gonz\u00e1lez &#062; Escola De M\u00fasica Sant Joan","og_url":"https:\/\/escolademusicasantjoan.com\/ca\/bio-rafael-gonzalez\/","og_site_name":"Escola De M\u00fasica Sant Joan","article_modified_time":"2025-06-01T09:01:38+00:00","og_image":[{"width":500,"height":500,"url":"https:\/\/escolademusicasantjoan.com\/wp-content\/uploads\/2024\/09\/PROFES-SANT-JOAN-1.png","type":"image\/png"}],"twitter_card":"summary_large_image","twitter_misc":{"Temps estimat de lectura":"15 minuts"},"schema":{"@context":"https:\/\/schema.org","@graph":[{"@type":"WebPage","@id":"https:\/\/escolademusicasantjoan.com\/bio-rafael-gonzalez\/","url":"https:\/\/escolademusicasantjoan.com\/bio-rafael-gonzalez\/","name":"Bio Rafael Gonz\u00e1lez &#062; Escola De M\u00fasica Sant Joan","isPartOf":{"@id":"https:\/\/escolademusicasantjoan.com\/#website"},"primaryImageOfPage":{"@id":"https:\/\/escolademusicasantjoan.com\/bio-rafael-gonzalez\/#primaryimage"},"image":{"@id":"https:\/\/escolademusicasantjoan.com\/bio-rafael-gonzalez\/#primaryimage"},"thumbnailUrl":"https:\/\/escolademusicasantjoan.com\/wp-content\/uploads\/2024\/09\/IMG_5024-scaled.jpeg","datePublished":"2024-09-28T13:54:52+00:00","dateModified":"2025-06-01T09:01:38+00:00","breadcrumb":{"@id":"https:\/\/escolademusicasantjoan.com\/bio-rafael-gonzalez\/#breadcrumb"},"inLanguage":"ca","potentialAction":[{"@type":"ReadAction","target":["https:\/\/escolademusicasantjoan.com\/bio-rafael-gonzalez\/"]}]},{"@type":"ImageObject","inLanguage":"ca","@id":"https:\/\/escolademusicasantjoan.com\/bio-rafael-gonzalez\/#primaryimage","url":"https:\/\/escolademusicasantjoan.com\/wp-content\/uploads\/2024\/09\/IMG_5024-scaled.jpeg","contentUrl":"https:\/\/escolademusicasantjoan.com\/wp-content\/uploads\/2024\/09\/IMG_5024-scaled.jpeg","width":1920,"height":2560},{"@type":"BreadcrumbList","@id":"https:\/\/escolademusicasantjoan.com\/bio-rafael-gonzalez\/#breadcrumb","itemListElement":[{"@type":"ListItem","position":1,"name":"Portada","item":"https:\/\/escolademusicasantjoan.com\/inicio\/"},{"@type":"ListItem","position":2,"name":"Bio Rafael Gonz\u00e1lez"}]},{"@type":"WebSite","@id":"https:\/\/escolademusicasantjoan.com\/#website","url":"https:\/\/escolademusicasantjoan.com\/","name":"Escola De M\u00fasica Sant Joan","description":"escuela de m\u00fasica","publisher":{"@id":"https:\/\/escolademusicasantjoan.com\/#\/schema\/person\/376c9c4bab832235e877438a59f9a3da"},"potentialAction":[{"@type":"SearchAction","target":{"@type":"EntryPoint","urlTemplate":"https:\/\/escolademusicasantjoan.com\/?s={search_term_string}"},"query-input":{"@type":"PropertyValueSpecification","valueRequired":true,"valueName":"search_term_string"}}],"inLanguage":"ca"},{"@type":["Person","Organization"],"@id":"https:\/\/escolademusicasantjoan.com\/#\/schema\/person\/376c9c4bab832235e877438a59f9a3da","name":"Escola M\u00fasica San Joan","image":{"@type":"ImageObject","inLanguage":"ca","@id":"https:\/\/escolademusicasantjoan.com\/#\/schema\/person\/image\/","url":"https:\/\/escolademusicasantjoan.com\/wp-content\/uploads\/2024\/09\/Invertido.png","contentUrl":"https:\/\/escolademusicasantjoan.com\/wp-content\/uploads\/2024\/09\/Invertido.png","width":480,"height":480,"caption":"Escola M\u00fasica San Joan"},"logo":{"@id":"https:\/\/escolademusicasantjoan.com\/#\/schema\/person\/image\/"}}]}},"_links":{"self":[{"href":"https:\/\/escolademusicasantjoan.com\/ca\/wp-json\/wp\/v2\/pages\/1736","targetHints":{"allow":["GET"]}}],"collection":[{"href":"https:\/\/escolademusicasantjoan.com\/ca\/wp-json\/wp\/v2\/pages"}],"about":[{"href":"https:\/\/escolademusicasantjoan.com\/ca\/wp-json\/wp\/v2\/types\/page"}],"author":[{"embeddable":true,"href":"https:\/\/escolademusicasantjoan.com\/ca\/wp-json\/wp\/v2\/users\/2"}],"replies":[{"embeddable":true,"href":"https:\/\/escolademusicasantjoan.com\/ca\/wp-json\/wp\/v2\/comments?post=1736"}],"version-history":[{"count":4,"href":"https:\/\/escolademusicasantjoan.com\/ca\/wp-json\/wp\/v2\/pages\/1736\/revisions"}],"predecessor-version":[{"id":2277,"href":"https:\/\/escolademusicasantjoan.com\/ca\/wp-json\/wp\/v2\/pages\/1736\/revisions\/2277"}],"wp:featuredmedia":[{"embeddable":true,"href":"https:\/\/escolademusicasantjoan.com\/ca\/wp-json\/wp\/v2\/media\/1616"}],"wp:attachment":[{"href":"https:\/\/escolademusicasantjoan.com\/ca\/wp-json\/wp\/v2\/media?parent=1736"}],"curies":[{"name":"wp","href":"https:\/\/api.w.org\/{rel}","templated":true}]}}